{"id":5171,"date":"2019-02-19T13:28:38","date_gmt":"2019-02-19T13:28:38","guid":{"rendered":"https:\/\/almavista.si\/?post_type=experiences&#038;p=5171"},"modified":"2026-02-17T14:12:37","modified_gmt":"2026-02-17T14:12:37","slug":"degustacija-vin-na-posestvu-vinarstva-edi-simcic","status":"publish","type":"experiences","link":"https:\/\/almavista.si\/sl\/experiences\/degustacija-vin-na-posestvu-vinarstva-edi-simcic\/","title":{"rendered":"Degustacija vin Edi Sim\u010di\u010d"},"content":{"rendered":"<div class=\"wpb-content-wrapper\"><p>[vc_row row_content_width=&#8221;grid&#8221;][vc_column][vc_empty_space height=&#8221;150px&#8221; el_class=&#8221;hidden-on-mobile&#8221;][vc_empty_space height=&#8221;100px&#8221; el_class=&#8221;hidden-on-desktop&#8221;][\/vc_column][\/vc_row][vc_row row_content_width=&#8221;grid&#8221;][vc_column width=&#8221;1\/2&#8243;]<div class=\"mkdf-elements-holder   mkdf-one-column  mkdf-responsive-mode-768 \" ><div class=\"mkdf-eh-item logos-slider-section  mkdf-horizontal-alignment-center \"  data-item-class=\"mkdf-eh-custom-6051\">\n\t<div class=\"mkdf-eh-item-inner\">\n\t\t<div class=\"mkdf-eh-item-content mkdf-eh-custom-6051\" >\n\t\t\t<div class=\"mkdf-section-title-holder  mkdf-st-standard mkdf-st-title-left mkdf-st-normal-space \" style=\"text-align: center\">\n\t<div class=\"mkdf-st-inner\">\n                    <h6 class=\"mkdf-st-subtitle\" >\n                DO\u017dIVETJE            <\/h6>\n        \t\t\t\t\t<h1 class=\"mkdf-st-title\" >\n\t\t\t\tDegustacija vin Edi Sim\u010di\u010d\t\t\t<\/h1>\n\t\t        <div class=\"mkdf-svg-separator-holder mkdf-svg-separator-small\">\n    <div class=\"mkdf-svg-separator mkdf-svg-frames-class\" data-svg-frames=\"15\" data-svg-drawing=\"yes\" >\n        <svg version=\"1.1\"  id=\"layer_278\" xmlns=\"http:\/\/www.w3.org\/2000\/svg\" xmlns:xlink=\"http:\/\/www.w3.org\/1999\/xlink\" x=\"0px\" y=\"0px\"\n             width=\"65.167px\" height=\"11.917px\" viewBox=\"0 0 65.167 11.917\" enable-background=\"new 0 0 65.167 11.917\" xml:space=\"preserve\">\n            <path fill=\"none\" stroke=\"#010101\" stroke-width=\"1\" stroke-miterlimit=\"3\" d=\"M1.045,9.833 9.295,2.083 17.295,9.833\n            24.295,2.083 32.291,9.833 39.294,2.083 47.294,9.833 54.294,2.083 64.287,9.833 \"\/>\n        <\/svg>\n    <\/div>\n<\/div>\t\t\t<\/div>\n<\/div>[vc_column_text el_class=&#8221;p-d-17-mobile-0&#8243;]<\/p>\n<p class=\"icon dripicons-location\" style=\"text-align: left;\"><span style=\"padding-left: 10px;\">Posest Edi Sim\u010di\u010d<\/span><\/p>\n<p class=\"icon dripicons-clock\" style=\"text-align: left;\"><span style=\"padding-left: 10px;\">1,5 &#8211; 2h<\/span><\/p>\n<p class=\"icon dripicons-message\" style=\"text-align: left;\"><span style=\"padding-left: 10px;\">v sloven\u0161\u010dini, italijan\u0161\u010dini, angle\u0161\u010dini<\/span><\/p>\n<p class=\"icon dripicons-tags\" style=\"text-align: left;\"><a href=\"mailto:info@edisimcic.si\"><span style=\"padding-left: 10px;\">kontaktirajte za ponudbo<\/span><\/a><\/p>\n<p class=\"icon dripicons-tags\" style=\"text-align: left;\"><span style=\"padding-left: 10px;\">posamezniki in skupine do 20 ljudi<\/span><\/p>\n<p>[\/vc_column_text][vc_empty_space height=&#8221;36px&#8221; el_class=&#8221;hidden-on-desktop&#8221;]\t\t<\/div>\n\t<\/div>\n<\/div><\/div>[\/vc_column][vc_column width=&#8221;1\/2&#8243;]<div class=\"mkdf-single-image-holder   \">\n    <div class=\"mkdf-si-inner\" style=\"background-image: url(https:\/\/almavista.si\/wp-content\/uploads\/2019\/02\/2019_04_24_Simcic_fotoDV_184-1.jpg)\">\n                                    <img loading=\"lazy\" decoding=\"async\" width=\"1080\" height=\"720\" src=\"https:\/\/almavista.si\/wp-content\/uploads\/2019\/02\/2019_04_24_Simcic_fotoDV_184-1.jpg\" class=\"attachment-full size-full\" alt=\"2019_04_24_Simcic_fotoDV_184 (1)\" srcset=\"https:\/\/almavista.si\/wp-content\/uploads\/2019\/02\/2019_04_24_Simcic_fotoDV_184-1.jpg 1080w, https:\/\/almavista.si\/wp-content\/uploads\/2019\/02\/2019_04_24_Simcic_fotoDV_184-1-300x200.jpg 300w, https:\/\/almavista.si\/wp-content\/uploads\/2019\/02\/2019_04_24_Simcic_fotoDV_184-1-768x512.jpg 768w, https:\/\/almavista.si\/wp-content\/uploads\/2019\/02\/2019_04_24_Simcic_fotoDV_184-1-1024x683.jpg 1024w\" sizes=\"auto, (max-width: 1080px) 100vw, 1080px\" \/>                        <\/div>\n<\/div>[\/vc_column][\/vc_row][vc_row row_content_width=&#8221;grid&#8221;][vc_column][vc_empty_space height=&#8221;150px&#8221; el_class=&#8221;hidden-on-mobile&#8221;][vc_empty_space height=&#8221;100px&#8221; el_class=&#8221;hidden-on-desktop&#8221;][\/vc_column][\/vc_row][vc_row row_content_width=&#8221;grid&#8221;][vc_column]<div class=\"mkdf-elements-holder   mkdf-one-column  mkdf-responsive-mode-768 \" ><div class=\"mkdf-eh-item   mkdf-horizontal-alignment-center \"  data-item-class=\"mkdf-eh-custom-9955\">\n\t<div class=\"mkdf-eh-item-inner\">\n\t\t<div class=\"mkdf-eh-item-content mkdf-eh-custom-9955\" >\n\t\t\t<div class=\"mkdf-section-title-holder  mkdf-st-standard mkdf-st-title-left mkdf-st-normal-space \" style=\"text-align: center\">\n\t<div class=\"mkdf-st-inner\">\n                    <h6 class=\"mkdf-st-subtitle\" >\n                VSEBINA            <\/h6>\n        \t\t\t\t\t<h1 class=\"mkdf-st-title\" >\n\t\t\t\tNa\u0161a filozofija\t\t\t<\/h1>\n\t\t        <div class=\"mkdf-svg-separator-holder mkdf-svg-separator-small\">\n    <div class=\"mkdf-svg-separator mkdf-svg-frames-class\" data-svg-frames=\"15\" data-svg-drawing=\"yes\" >\n        <svg version=\"1.1\"  id=\"layer_996\" xmlns=\"http:\/\/www.w3.org\/2000\/svg\" xmlns:xlink=\"http:\/\/www.w3.org\/1999\/xlink\" x=\"0px\" y=\"0px\"\n             width=\"65.167px\" height=\"11.917px\" viewBox=\"0 0 65.167 11.917\" enable-background=\"new 0 0 65.167 11.917\" xml:space=\"preserve\">\n            <path fill=\"none\" stroke=\"#010101\" stroke-width=\"1\" stroke-miterlimit=\"3\" d=\"M1.045,9.833 9.295,2.083 17.295,9.833\n            24.295,2.083 32.291,9.833 39.294,2.083 47.294,9.833 54.294,2.083 64.287,9.833 \"\/>\n        <\/svg>\n    <\/div>\n<\/div>\t\t\t<\/div>\n<\/div>[vc_empty_space height=&#8221;12px&#8221;][vc_column_text el_class=&#8221;p-d-17-mobile-0&#8243;]<\/p>\n<div id=\"besedilo\" style=\"text-align: center;\">\n<p>&#8220;Vinsko zgodbo zasnuje, razplete in oplemeniti sama trta.&#8221; Kot dru\u017einska in buti\u010dna klet se zavedamo, kako pomembno je skrb za naravo in okolje. Tej filozofiji sledimo \u017ee tretjo generacijo in vas zato s ponosom popeljemo skozi na\u0161o zgodbo.<\/p>\n<\/div>\n<p>[\/vc_column_text][vc_empty_space height=&#8221;36px&#8221;]\t\t<\/div>\n\t<\/div>\n<\/div><\/div>[\/vc_column][\/vc_row][vc_row row_content_width=&#8221;grid&#8221;][vc_column]<div class=\"mkdf-elements-holder   mkdf-one-column  mkdf-responsive-mode-768 \" ><div class=\"mkdf-eh-item    \"  data-item-class=\"mkdf-eh-custom-8460\">\n\t<div class=\"mkdf-eh-item-inner\">\n\t\t<div class=\"mkdf-eh-item-content mkdf-eh-custom-8460\" >\n\t\t\t<div class=\"mkdf-image-gallery  mkdf-ig-slider-type mkdf-medium-space  \">\n\t<div class=\"mkdf-ig-slider mkdf-owl-slider\" data-number-of-items=\"1\" data-enable-loop=\"yes\" data-enable-autoplay=\"no\" data-slider-speed=\"5000\" data-slider-speed-animation=\"600\" data-slider-padding=\"yes\" data-enable-navigation=\"yes\" data-enable-pagination=\"yes\">\n\t\t\t\t\t<div class=\"mkdf-ig-image\">\n\t\t\t\t\t\t\t\t\t<img loading=\"lazy\" decoding=\"async\" src=\"https:\/\/almavista.si\/wp-content\/uploads\/2019\/02\/ES_klet4-650x433.jpg\" alt=\"\" width=\"650\" height=\"433\" \/>\t\t\t\t\t\t\t<\/div>\n\t\t\t\t\t<div class=\"mkdf-ig-image\">\n\t\t\t\t\t\t\t\t\t<img loading=\"lazy\" decoding=\"async\" src=\"https:\/\/almavista.si\/wp-content\/uploads\/2019\/02\/ES_klet3-650x433.jpg\" alt=\"\" width=\"650\" height=\"433\" \/>\t\t\t\t\t\t\t<\/div>\n\t\t\t\t\t<div class=\"mkdf-ig-image\">\n\t\t\t\t\t\t\t\t\t<img loading=\"lazy\" decoding=\"async\" src=\"https:\/\/almavista.si\/wp-content\/uploads\/2019\/02\/ES_klet2-650x433.jpg\" alt=\"\" width=\"650\" height=\"433\" \/>\t\t\t\t\t\t\t<\/div>\n\t\t\t\t\t<div class=\"mkdf-ig-image\">\n\t\t\t\t\t\t\t\t\t<img loading=\"lazy\" decoding=\"async\" src=\"https:\/\/almavista.si\/wp-content\/uploads\/2019\/07\/2019_04_24_Simcic_fotoDV_140-650x433.jpg\" alt=\"\" width=\"650\" height=\"433\" \/>\t\t\t\t\t\t\t<\/div>\n\t\t\t\t\t<div class=\"mkdf-ig-image\">\n\t\t\t\t\t\t\t\t\t<img loading=\"lazy\" decoding=\"async\" src=\"https:\/\/almavista.si\/wp-content\/uploads\/2019\/07\/2019_04_24_Simcic_fotoDV_009-650x433.jpg\" alt=\"\" width=\"650\" height=\"433\" \/>\t\t\t\t\t\t\t<\/div>\n\t\t\t\t\t<div class=\"mkdf-ig-image\">\n\t\t\t\t\t\t\t\t\t<img loading=\"lazy\" decoding=\"async\" src=\"https:\/\/almavista.si\/wp-content\/uploads\/2019\/07\/2019_04_24_Simcic_fotoDV_007-650x433.jpg\" alt=\"\" width=\"650\" height=\"433\" \/>\t\t\t\t\t\t\t<\/div>\n\t\t\t\t\t<div class=\"mkdf-ig-image\">\n\t\t\t\t\t\t\t\t\t<img loading=\"lazy\" decoding=\"async\" src=\"https:\/\/almavista.si\/wp-content\/uploads\/2019\/07\/KAM7725_1905-650x433.jpg\" alt=\"\" width=\"650\" height=\"433\" \/>\t\t\t\t\t\t\t<\/div>\n\t\t\t\t\t<div class=\"mkdf-ig-image\">\n\t\t\t\t\t\t\t\t\t<img loading=\"lazy\" decoding=\"async\" src=\"https:\/\/almavista.si\/wp-content\/uploads\/2019\/07\/KAM7510_1905-650x433.jpg\" alt=\"\" width=\"650\" height=\"433\" \/>\t\t\t\t\t\t\t<\/div>\n\t\t\t\t\t<div class=\"mkdf-ig-image\">\n\t\t\t\t\t\t\t\t\t<img loading=\"lazy\" decoding=\"async\" src=\"https:\/\/almavista.si\/wp-content\/uploads\/2019\/07\/KAM7270_1905-650x433.jpg\" alt=\"\" width=\"650\" height=\"433\" \/>\t\t\t\t\t\t\t<\/div>\n\t\t\t\t\t<div class=\"mkdf-ig-image\">\n\t\t\t\t\t\t\t\t\t<img loading=\"lazy\" decoding=\"async\" src=\"https:\/\/almavista.si\/wp-content\/uploads\/2019\/02\/Alek-Sim\u010di\u010d-in-the-cellar-2-Photo-Marijan-Mo\u010divnik-scaled-650x433.jpg\" alt=\"\" width=\"650\" height=\"433\" \/>\t\t\t\t\t\t\t<\/div>\n\t\t\t\t\t<div class=\"mkdf-ig-image\">\n\t\t\t\t\t\t\t\t\t<img loading=\"lazy\" decoding=\"async\" src=\"https:\/\/almavista.si\/wp-content\/uploads\/2019\/02\/Cellar-and-Art-2-650x433.jpg\" alt=\"\" width=\"650\" height=\"433\" \/>\t\t\t\t\t\t\t<\/div>\n\t\t\t\t\t<div class=\"mkdf-ig-image\">\n\t\t\t\t\t\t\t\t\t<img loading=\"lazy\" decoding=\"async\" src=\"https:\/\/almavista.si\/wp-content\/uploads\/2019\/02\/Cellar-and-Art-650x433.jpg\" alt=\"\" width=\"650\" height=\"433\" \/>\t\t\t\t\t\t\t<\/div>\n\t\t\t\t\t<div class=\"mkdf-ig-image\">\n\t\t\t\t\t\t\t\t\t<img loading=\"lazy\" decoding=\"async\" src=\"https:\/\/almavista.si\/wp-content\/uploads\/2019\/02\/Tastting-room-3-Photo-Dean-Dubokovic-650x433.jpg\" alt=\"\" width=\"650\" height=\"433\" \/>\t\t\t\t\t\t\t<\/div>\n\t\t\t\t\t<div class=\"mkdf-ig-image\">\n\t\t\t\t\t\t\t\t\t<img loading=\"lazy\" decoding=\"async\" src=\"https:\/\/almavista.si\/wp-content\/uploads\/2019\/02\/Jakob-Aleks-in-Jure-Simcic-9948-2048-foto-Marijan-Mocivnik-www.studio-ajd.si_-650x433.jpg\" alt=\"\" width=\"650\" height=\"433\" \/>\t\t\t\t\t\t\t<\/div>\n\t\t\t<\/div>\n<\/div>\t\t<\/div>\n\t<\/div>\n<\/div><\/div>[\/vc_column][\/vc_row][vc_row row_content_width=&#8221;grid&#8221;][vc_column][vc_empty_space height=&#8221;150px&#8221; el_class=&#8221;hidden-on-mobile&#8221;][vc_empty_space height=&#8221;100px&#8221; el_class=&#8221;hidden-on-desktop&#8221;][\/vc_column][\/vc_row][vc_row row_content_width=&#8221;grid&#8221;][vc_column width=&#8221;1\/2&#8243;]<div class=\"mkdf-single-image-holder   \">\n    <div class=\"mkdf-si-inner\" style=\"background-image: url(https:\/\/almavista.si\/wp-content\/uploads\/2018\/12\/03.jpg)\">\n                                    <img loading=\"lazy\" decoding=\"async\" width=\"610\" height=\"350\" src=\"https:\/\/almavista.si\/wp-content\/uploads\/2018\/12\/03.jpg\" class=\"attachment-full size-full\" alt=\"\" srcset=\"https:\/\/almavista.si\/wp-content\/uploads\/2018\/12\/03.jpg 610w, https:\/\/almavista.si\/wp-content\/uploads\/2018\/12\/03-300x172.jpg 300w\" sizes=\"auto, (max-width: 610px) 100vw, 610px\" \/>                        <\/div>\n<\/div>[vc_empty_space height=&#8221;55px&#8221; el_class=&#8221;hidden-on-desktop&#8221;][\/vc_column][vc_column width=&#8221;1\/2&#8243;]<div class=\"mkdf-elements-holder   mkdf-one-column  mkdf-responsive-mode-768 \" ><div class=\"mkdf-eh-item logos-slider-section  mkdf-horizontal-alignment-center \"  data-item-class=\"mkdf-eh-custom-4139\">\n\t<div class=\"mkdf-eh-item-inner\">\n\t\t<div class=\"mkdf-eh-item-content mkdf-eh-custom-4139\" >\n\t\t\t<div class=\"mkdf-section-title-holder  mkdf-st-standard mkdf-st-title-left mkdf-st-normal-space \" style=\"text-align: center\">\n\t<div class=\"mkdf-st-inner\">\n                    <h6 class=\"mkdf-st-subtitle\" >\n                VKLJU\u010cENO V CENO            <\/h6>\n        \t\t\t\t\t<h1 class=\"mkdf-st-title\" >\n\t\t\t\tKaj lahko pri\u010dakujete\t\t\t<\/h1>\n\t\t        <div class=\"mkdf-svg-separator-holder mkdf-svg-separator-small\">\n    <div class=\"mkdf-svg-separator mkdf-svg-frames-class\" data-svg-frames=\"15\" data-svg-drawing=\"yes\" >\n        <svg version=\"1.1\"  id=\"layer_228\" xmlns=\"http:\/\/www.w3.org\/2000\/svg\" xmlns:xlink=\"http:\/\/www.w3.org\/1999\/xlink\" x=\"0px\" y=\"0px\"\n             width=\"65.167px\" height=\"11.917px\" viewBox=\"0 0 65.167 11.917\" enable-background=\"new 0 0 65.167 11.917\" xml:space=\"preserve\">\n            <path fill=\"none\" stroke=\"#010101\" stroke-width=\"1\" stroke-miterlimit=\"3\" d=\"M1.045,9.833 9.295,2.083 17.295,9.833\n            24.295,2.083 32.291,9.833 39.294,2.083 47.294,9.833 54.294,2.083 64.287,9.833 \"\/>\n        <\/svg>\n    <\/div>\n<\/div>\t\t\t<\/div>\n<\/div>[vc_empty_space height=&#8221;10px&#8221;][vc_column_text el_class=&#8221;p-d-17-mobile-0&#8243;]<\/p>\n<ul>\n<li style=\"list-style-type: none;\">\n<ul>\n<li style=\"text-align: left;\">Ogled kleti in strokovno vodena degustacija z vinarjem.<\/li>\n<\/ul>\n<\/li>\n<\/ul>\n<p>[\/vc_column_text]\t\t<\/div>\n\t<\/div>\n<\/div><\/div>[\/vc_column][\/vc_row][vc_row row_content_width=&#8221;grid&#8221;][vc_column][vc_empty_space height=&#8221;150px&#8221; el_class=&#8221;hidden-on-mobile&#8221;][vc_empty_space height=&#8221;100px&#8221; el_class=&#8221;hidden-on-desktop&#8221;][\/vc_column][\/vc_row][vc_row row_content_width=&#8221;grid&#8221;][vc_column width=&#8221;1\/2&#8243;]<div class=\"mkdf-elements-holder   mkdf-one-column  mkdf-responsive-mode-768 \" ><div class=\"mkdf-eh-item logos-slider-section  mkdf-horizontal-alignment-center \"  data-item-class=\"mkdf-eh-custom-4277\">\n\t<div class=\"mkdf-eh-item-inner\">\n\t\t<div class=\"mkdf-eh-item-content mkdf-eh-custom-4277\" >\n\t\t\t<div class=\"mkdf-section-title-holder  mkdf-st-standard mkdf-st-title-left mkdf-st-normal-space \" style=\"text-align: center\">\n\t<div class=\"mkdf-st-inner\">\n                    <h6 class=\"mkdf-st-subtitle\" >\n                EDI IN ALEKS SIM\u010cI\u010c            <\/h6>\n        \t\t\t\t\t<h1 class=\"mkdf-st-title\" >\n\t\t\t\tO va\u0161ih gostiteljih\t\t\t<\/h1>\n\t\t        <div class=\"mkdf-svg-separator-holder mkdf-svg-separator-small\">\n    <div class=\"mkdf-svg-separator mkdf-svg-frames-class\" data-svg-frames=\"15\" data-svg-drawing=\"yes\" >\n        <svg version=\"1.1\"  id=\"layer_999\" xmlns=\"http:\/\/www.w3.org\/2000\/svg\" xmlns:xlink=\"http:\/\/www.w3.org\/1999\/xlink\" x=\"0px\" y=\"0px\"\n             width=\"65.167px\" height=\"11.917px\" viewBox=\"0 0 65.167 11.917\" enable-background=\"new 0 0 65.167 11.917\" xml:space=\"preserve\">\n            <path fill=\"none\" stroke=\"#010101\" stroke-width=\"1\" stroke-miterlimit=\"3\" d=\"M1.045,9.833 9.295,2.083 17.295,9.833\n            24.295,2.083 32.291,9.833 39.294,2.083 47.294,9.833 54.294,2.083 64.287,9.833 \"\/>\n        <\/svg>\n    <\/div>\n<\/div>\t\t\t<\/div>\n<\/div>[vc_empty_space height=&#8221;10px&#8221;][vc_column_text el_class=&#8221;p-d-17-mobile-0&#8243;]<\/p>\n<div id=\"besedilo\" style=\"text-align: center;\">\n<p>Edi s katerim je vinska klet nastala in se zaznamovala z njegovim imenom, Aleks &#8211; sin, \u010dlovek dejanj, vztrajnosti, deloven in \u0161irokega duha.<br \/>\nDanes, ko stopata na to pot tudi sinova Jure in Jakob, je motiv hi\u0161e \u0161e vedno eden: delati dobro, v sozvo\u010dju z naravo saj narava govori tistemu, ki jo zna sli\u0161ati.<br \/>\nVina s prefinjenim okusom, \u0161irino in pookusi, ki zrcalijo teritorij, katerega del so in na katerega smo tako zelo ponosni.<br \/>\nSvojo zgodbo \u0161irimo po vsem svetu in jo z veseljem poka\u017eemo tudi vam.<br \/>\nDobrodo\u0161li!<\/p>\n<\/div>\n<p>[\/vc_column_text][vc_empty_space height=&#8221;36px&#8221; el_class=&#8221;hidden-on-desktop&#8221;]\t\t<\/div>\n\t<\/div>\n<\/div><\/div>[\/vc_column][vc_column width=&#8221;1\/2&#8243;]<div class=\"mkdf-single-image-holder   \">\n    <div class=\"mkdf-si-inner\" style=\"background-image: url(https:\/\/almavista.si\/wp-content\/uploads\/2018\/12\/02.jpg)\">\n                                    <img loading=\"lazy\" decoding=\"async\" width=\"610\" height=\"350\" src=\"https:\/\/almavista.si\/wp-content\/uploads\/2018\/12\/02.jpg\" class=\"attachment-full size-full\" alt=\"\" srcset=\"https:\/\/almavista.si\/wp-content\/uploads\/2018\/12\/02.jpg 610w, https:\/\/almavista.si\/wp-content\/uploads\/2018\/12\/02-300x172.jpg 300w\" sizes=\"auto, (max-width: 610px) 100vw, 610px\" \/>                        <\/div>\n<\/div>[\/vc_column][\/vc_row][vc_row row_content_width=&#8221;grid&#8221;][vc_column][vc_empty_space height=&#8221;150px&#8221; el_class=&#8221;hidden-on-mobile&#8221;][vc_empty_space height=&#8221;100px&#8221; el_class=&#8221;hidden-on-desktop&#8221;][\/vc_column][\/vc_row][vc_row row_content_width=&#8221;grid&#8221;][vc_column width=&#8221;1\/2&#8243;]<div class=\"mkdf-single-image-holder   \">\n    <div class=\"mkdf-si-inner\" style=\"background-image: url(https:\/\/almavista.si\/wp-content\/uploads\/2019\/01\/The-villa_experiences_wine-tasting-tour-with-edi-simcic_ReadyToBook.jpg)\">\n                                    <img loading=\"lazy\" decoding=\"async\" width=\"1271\" height=\"844\" src=\"https:\/\/almavista.si\/wp-content\/uploads\/2019\/01\/The-villa_experiences_wine-tasting-tour-with-edi-simcic_ReadyToBook.jpg\" class=\"attachment-full size-full\" alt=\"The-villa_experiences_wine-tasting-tour-with-edi-simcic_ReadyToBook\" srcset=\"https:\/\/almavista.si\/wp-content\/uploads\/2019\/01\/The-villa_experiences_wine-tasting-tour-with-edi-simcic_ReadyToBook.jpg 1271w, https:\/\/almavista.si\/wp-content\/uploads\/2019\/01\/The-villa_experiences_wine-tasting-tour-with-edi-simcic_ReadyToBook-300x199.jpg 300w, https:\/\/almavista.si\/wp-content\/uploads\/2019\/01\/The-villa_experiences_wine-tasting-tour-with-edi-simcic_ReadyToBook-768x510.jpg 768w, https:\/\/almavista.si\/wp-content\/uploads\/2019\/01\/The-villa_experiences_wine-tasting-tour-with-edi-simcic_ReadyToBook-1024x680.jpg 1024w\" sizes=\"auto, (max-width: 1271px) 100vw, 1271px\" \/>                        <\/div>\n<\/div>[vc_empty_space height=&#8221;55px&#8221; el_class=&#8221;hidden-on-desktop&#8221;][\/vc_column][vc_column width=&#8221;1\/2&#8243;]<div class=\"mkdf-elements-holder   mkdf-one-column  mkdf-responsive-mode-768 \" ><div class=\"mkdf-eh-item logos-slider-section  mkdf-horizontal-alignment-center \"  data-item-class=\"mkdf-eh-custom-4241\">\n\t<div class=\"mkdf-eh-item-inner\">\n\t\t<div class=\"mkdf-eh-item-content mkdf-eh-custom-4241\" >\n\t\t\t<div class=\"mkdf-section-title-holder  mkdf-st-standard mkdf-st-title-left mkdf-st-normal-space \" style=\"text-align: center\">\n\t<div class=\"mkdf-st-inner\">\n                    <h6 class=\"mkdf-st-subtitle\" >\n                CENIK &amp; KONTAKT            <\/h6>\n        \t\t\t\t\t<h1 class=\"mkdf-st-title\" >\n\t\t\t\tPripravljeni na oku\u0161anje?\t\t\t<\/h1>\n\t\t        <div class=\"mkdf-svg-separator-holder mkdf-svg-separator-small\">\n    <div class=\"mkdf-svg-separator mkdf-svg-frames-class\" data-svg-frames=\"15\" data-svg-drawing=\"yes\" >\n        <svg version=\"1.1\"  id=\"layer_858\" xmlns=\"http:\/\/www.w3.org\/2000\/svg\" xmlns:xlink=\"http:\/\/www.w3.org\/1999\/xlink\" x=\"0px\" y=\"0px\"\n             width=\"65.167px\" height=\"11.917px\" viewBox=\"0 0 65.167 11.917\" enable-background=\"new 0 0 65.167 11.917\" xml:space=\"preserve\">\n            <path fill=\"none\" stroke=\"#010101\" stroke-width=\"1\" stroke-miterlimit=\"3\" d=\"M1.045,9.833 9.295,2.083 17.295,9.833\n            24.295,2.083 32.291,9.833 39.294,2.083 47.294,9.833 54.294,2.083 64.287,9.833 \"\/>\n        <\/svg>\n    <\/div>\n<\/div>\t\t\t<\/div>\n<\/div>[vc_empty_space height=&#8221;10px&#8221;][vc_column_text el_class=&#8221;p-d-17-mobile-0&#8243;]<\/p>\n<div id=\"besedilo\" style=\"text-align: center;\">\n<div id=\"besedilo\" style=\"text-align: center;\">Odkrijte vina v njihovem naravnem okolju, v vinski kleti, kjer sta trdo delo in znanje podpora trti, da izsolzi najbolj\u0161e, kar je ta namenila grozdu.<\/div>\n<\/div>\n<p>[\/vc_column_text][vc_empty_space height=&#8221;36px&#8221;]<a itemprop=\"url\" href=\"\/sl\/cenik\/#1548237681179-b57174da-92e4\" target=\"_self\"  class=\"mkdf-btn mkdf-btn-medium mkdf-btn-solid mkdf-btn-icon\"  >\n    <span class=\"mkdf-btn-text\">Po\u0161ljite povpra\u0161evanje<\/span>\n    <span aria-hidden=\"true\" class=\"mkdf-icon-font-elegant arrow_carrot-2right \" ><\/span><\/a>\t\t<\/div>\n\t<\/div>\n<\/div><\/div>[\/vc_column][\/vc_row][vc_row row_content_width=&#8221;grid&#8221;][vc_column][vc_empty_space height=&#8221;110px&#8221; el_class=&#8221;hidden-on-mobile&#8221;][vc_empty_space height=&#8221;60px&#8221; el_class=&#8221;hidden-on-desktop&#8221;][\/vc_column][\/vc_row]<\/p>\n<\/div>","protected":false},"excerpt":{"rendered":"<p>Vinsko zgodbo zasnuje, razplete in oplemeniti sama trta.<br \/>Za posameznike in skupine do 20 ljudi.<\/p>\n","protected":false},"featured_media":5293,"template":"","class_list":["post-5171","experiences","type-experiences","status-publish","has-post-thumbnail","hentry"],"yoast_head":"<!-- This site is optimized with the Yoast SEO plugin v27.0 - https:\/\/yoast.com\/product\/yoast-seo-wordpress\/ -->\n<title>Degustacija vin Edi Sim\u010di\u010d - Alma Vista<\/title>\n<meta name=\"robots\" content=\"index, follow, max-snippet:-1, max-image-preview:large, max-video-preview:-1\" \/>\n<link rel=\"canonical\" href=\"https:\/\/almavista.si\/experiences\/wine-tasting-tour-with-edi-simcic\/\" \/>\n<meta property=\"og:locale\" content=\"sl_SI\" \/>\n<meta property=\"og:type\" content=\"article\" \/>\n<meta property=\"og:title\" content=\"Degustacija vin Edi Sim\u010di\u010d - Alma Vista\" \/>\n<meta property=\"og:description\" content=\"Vinsko zgodbo zasnuje, razplete in oplemeniti sama trta.Za posameznike in skupine do 20 ljudi.\" \/>\n<meta property=\"og:url\" content=\"https:\/\/almavista.si\/experiences\/wine-tasting-tour-with-edi-simcic\/\" \/>\n<meta property=\"og:site_name\" content=\"Alma Vista\" \/>\n<meta property=\"article:publisher\" content=\"https:\/\/www.facebook.com\/almavista.si\" \/>\n<meta property=\"article:modified_time\" content=\"2026-02-17T14:12:37+00:00\" \/>\n<meta property=\"og:image\" content=\"https:\/\/almavista.si\/wp-content\/uploads\/2019\/01\/home-page_experiences_4-2.jpg\" \/>\n\t<meta property=\"og:image:width\" content=\"611\" \/>\n\t<meta property=\"og:image:height\" content=\"406\" \/>\n\t<meta property=\"og:image:type\" content=\"image\/jpeg\" \/>\n<meta name=\"twitter:card\" content=\"summary_large_image\" \/>\n<meta name=\"twitter:label1\" content=\"Est. reading time\" \/>\n\t<meta name=\"twitter:data1\" content=\"5 minut\" \/>\n<script type=\"application\/ld+json\" class=\"yoast-schema-graph\">{\"@context\":\"https:\/\/schema.org\",\"@graph\":[{\"@type\":\"WebPage\",\"@id\":\"https:\/\/almavista.si\/experiences\/wine-tasting-tour-with-edi-simcic\/\",\"url\":\"https:\/\/almavista.si\/experiences\/wine-tasting-tour-with-edi-simcic\/\",\"name\":\"Degustacija vin Edi Sim\u010di\u010d - Alma Vista\",\"isPartOf\":{\"@id\":\"https:\/\/almavista.si\/#website\"},\"primaryImageOfPage\":{\"@id\":\"https:\/\/almavista.si\/experiences\/wine-tasting-tour-with-edi-simcic\/#primaryimage\"},\"image\":{\"@id\":\"https:\/\/almavista.si\/experiences\/wine-tasting-tour-with-edi-simcic\/#primaryimage\"},\"thumbnailUrl\":\"https:\/\/almavista.si\/wp-content\/uploads\/2019\/01\/home-page_experiences_4-2.jpg\",\"datePublished\":\"2019-02-19T13:28:38+00:00\",\"dateModified\":\"2026-02-17T14:12:37+00:00\",\"breadcrumb\":{\"@id\":\"https:\/\/almavista.si\/experiences\/wine-tasting-tour-with-edi-simcic\/#breadcrumb\"},\"inLanguage\":\"sl-SI\",\"potentialAction\":[{\"@type\":\"ReadAction\",\"target\":[\"https:\/\/almavista.si\/experiences\/wine-tasting-tour-with-edi-simcic\/\"]}]},{\"@type\":\"ImageObject\",\"inLanguage\":\"sl-SI\",\"@id\":\"https:\/\/almavista.si\/experiences\/wine-tasting-tour-with-edi-simcic\/#primaryimage\",\"url\":\"https:\/\/almavista.si\/wp-content\/uploads\/2019\/01\/home-page_experiences_4-2.jpg\",\"contentUrl\":\"https:\/\/almavista.si\/wp-content\/uploads\/2019\/01\/home-page_experiences_4-2.jpg\",\"width\":611,\"height\":406,\"caption\":\"home-page_experiences_4\"},{\"@type\":\"BreadcrumbList\",\"@id\":\"https:\/\/almavista.si\/experiences\/wine-tasting-tour-with-edi-simcic\/#breadcrumb\",\"itemListElement\":[{\"@type\":\"ListItem\",\"position\":1,\"name\":\"Home\",\"item\":\"https:\/\/almavista.si\/sl\/alma-vista-vila-in-vino\/\"},{\"@type\":\"ListItem\",\"position\":2,\"name\":\"Degustacija vin Edi Sim\u010di\u010d\"}]},{\"@type\":\"WebSite\",\"@id\":\"https:\/\/almavista.si\/#website\",\"url\":\"https:\/\/almavista.si\/\",\"name\":\"Alma Vista\",\"description\":\"vila in vino\",\"publisher\":{\"@id\":\"https:\/\/almavista.si\/#organization\"},\"potentialAction\":[{\"@type\":\"SearchAction\",\"target\":{\"@type\":\"EntryPoint\",\"urlTemplate\":\"https:\/\/almavista.si\/?s={search_term_string}\"},\"query-input\":{\"@type\":\"PropertyValueSpecification\",\"valueRequired\":true,\"valueName\":\"search_term_string\"}}],\"inLanguage\":\"sl-SI\"},{\"@type\":\"Organization\",\"@id\":\"https:\/\/almavista.si\/#organization\",\"name\":\"Alma Vista\",\"url\":\"https:\/\/almavista.si\/\",\"logo\":{\"@type\":\"ImageObject\",\"inLanguage\":\"sl-SI\",\"@id\":\"https:\/\/almavista.si\/#\/schema\/logo\/image\/\",\"url\":\"https:\/\/almavista.si\/wp-content\/uploads\/2018\/12\/logo_2.png\",\"contentUrl\":\"https:\/\/almavista.si\/wp-content\/uploads\/2018\/12\/logo_2.png\",\"width\":304,\"height\":64,\"caption\":\"Alma Vista\"},\"image\":{\"@id\":\"https:\/\/almavista.si\/#\/schema\/logo\/image\/\"},\"sameAs\":[\"https:\/\/www.facebook.com\/almavista.si\",\"https:\/\/www.instagram.com\/alma_vista\/\"]}]}<\/script>\n<!-- \/ Yoast SEO plugin. -->","yoast_head_json":{"title":"Degustacija vin Edi Sim\u010di\u010d - Alma Vista","robots":{"index":"index","follow":"follow","max-snippet":"max-snippet:-1","max-image-preview":"max-image-preview:large","max-video-preview":"max-video-preview:-1"},"canonical":"https:\/\/almavista.si\/experiences\/wine-tasting-tour-with-edi-simcic\/","og_locale":"sl_SI","og_type":"article","og_title":"Degustacija vin Edi Sim\u010di\u010d - Alma Vista","og_description":"Vinsko zgodbo zasnuje, razplete in oplemeniti sama trta.Za posameznike in skupine do 20 ljudi.","og_url":"https:\/\/almavista.si\/experiences\/wine-tasting-tour-with-edi-simcic\/","og_site_name":"Alma Vista","article_publisher":"https:\/\/www.facebook.com\/almavista.si","article_modified_time":"2026-02-17T14:12:37+00:00","og_image":[{"width":611,"height":406,"url":"https:\/\/almavista.si\/wp-content\/uploads\/2019\/01\/home-page_experiences_4-2.jpg","type":"image\/jpeg"}],"twitter_card":"summary_large_image","twitter_misc":{"Est. reading time":"5 minut"},"schema":{"@context":"https:\/\/schema.org","@graph":[{"@type":"WebPage","@id":"https:\/\/almavista.si\/experiences\/wine-tasting-tour-with-edi-simcic\/","url":"https:\/\/almavista.si\/experiences\/wine-tasting-tour-with-edi-simcic\/","name":"Degustacija vin Edi Sim\u010di\u010d - Alma Vista","isPartOf":{"@id":"https:\/\/almavista.si\/#website"},"primaryImageOfPage":{"@id":"https:\/\/almavista.si\/experiences\/wine-tasting-tour-with-edi-simcic\/#primaryimage"},"image":{"@id":"https:\/\/almavista.si\/experiences\/wine-tasting-tour-with-edi-simcic\/#primaryimage"},"thumbnailUrl":"https:\/\/almavista.si\/wp-content\/uploads\/2019\/01\/home-page_experiences_4-2.jpg","datePublished":"2019-02-19T13:28:38+00:00","dateModified":"2026-02-17T14:12:37+00:00","breadcrumb":{"@id":"https:\/\/almavista.si\/experiences\/wine-tasting-tour-with-edi-simcic\/#breadcrumb"},"inLanguage":"sl-SI","potentialAction":[{"@type":"ReadAction","target":["https:\/\/almavista.si\/experiences\/wine-tasting-tour-with-edi-simcic\/"]}]},{"@type":"ImageObject","inLanguage":"sl-SI","@id":"https:\/\/almavista.si\/experiences\/wine-tasting-tour-with-edi-simcic\/#primaryimage","url":"https:\/\/almavista.si\/wp-content\/uploads\/2019\/01\/home-page_experiences_4-2.jpg","contentUrl":"https:\/\/almavista.si\/wp-content\/uploads\/2019\/01\/home-page_experiences_4-2.jpg","width":611,"height":406,"caption":"home-page_experiences_4"},{"@type":"BreadcrumbList","@id":"https:\/\/almavista.si\/experiences\/wine-tasting-tour-with-edi-simcic\/#breadcrumb","itemListElement":[{"@type":"ListItem","position":1,"name":"Home","item":"https:\/\/almavista.si\/sl\/alma-vista-vila-in-vino\/"},{"@type":"ListItem","position":2,"name":"Degustacija vin Edi Sim\u010di\u010d"}]},{"@type":"WebSite","@id":"https:\/\/almavista.si\/#website","url":"https:\/\/almavista.si\/","name":"Alma Vista","description":"vila in vino","publisher":{"@id":"https:\/\/almavista.si\/#organization"},"potentialAction":[{"@type":"SearchAction","target":{"@type":"EntryPoint","urlTemplate":"https:\/\/almavista.si\/?s={search_term_string}"},"query-input":{"@type":"PropertyValueSpecification","valueRequired":true,"valueName":"search_term_string"}}],"inLanguage":"sl-SI"},{"@type":"Organization","@id":"https:\/\/almavista.si\/#organization","name":"Alma Vista","url":"https:\/\/almavista.si\/","logo":{"@type":"ImageObject","inLanguage":"sl-SI","@id":"https:\/\/almavista.si\/#\/schema\/logo\/image\/","url":"https:\/\/almavista.si\/wp-content\/uploads\/2018\/12\/logo_2.png","contentUrl":"https:\/\/almavista.si\/wp-content\/uploads\/2018\/12\/logo_2.png","width":304,"height":64,"caption":"Alma Vista"},"image":{"@id":"https:\/\/almavista.si\/#\/schema\/logo\/image\/"},"sameAs":["https:\/\/www.facebook.com\/almavista.si","https:\/\/www.instagram.com\/alma_vista\/"]}]}},"_links":{"self":[{"href":"https:\/\/almavista.si\/sl\/wp-json\/wp\/v2\/experiences\/5171","targetHints":{"allow":["GET"]}}],"collection":[{"href":"https:\/\/almavista.si\/sl\/wp-json\/wp\/v2\/experiences"}],"about":[{"href":"https:\/\/almavista.si\/sl\/wp-json\/wp\/v2\/types\/experiences"}],"version-history":[{"count":43,"href":"https:\/\/almavista.si\/sl\/wp-json\/wp\/v2\/experiences\/5171\/revisions"}],"predecessor-version":[{"id":11036,"href":"https:\/\/almavista.si\/sl\/wp-json\/wp\/v2\/experiences\/5171\/revisions\/11036"}],"wp:featuredmedia":[{"embeddable":true,"href":"https:\/\/almavista.si\/sl\/wp-json\/wp\/v2\/media\/5293"}],"wp:attachment":[{"href":"https:\/\/almavista.si\/sl\/wp-json\/wp\/v2\/media?parent=5171"}],"curies":[{"name":"wp","href":"https:\/\/api.w.org\/{rel}","templated":true}]}}