{"id":5143,"date":"2019-02-19T06:58:54","date_gmt":"2019-02-19T06:58:54","guid":{"rendered":"https:\/\/almavista.si\/?page_id=5143"},"modified":"2026-03-16T08:50:55","modified_gmt":"2026-03-16T08:50:55","slug":"o-vili","status":"publish","type":"page","link":"https:\/\/almavista.si\/sl\/o-vili\/","title":{"rendered":"O vili"},"content":{"rendered":"<div class=\"wpb-content-wrapper\"><p>[vc_row anchor_button=&#8221;yes&#8221; anchor_button_text=&#8221;POMAKNITE SE NAVZDOL&#8221; css=&#8221;.vc_custom_1668781643241{margin-right: 40px !important;margin-left: 40px !important;}&#8221; parallax_background_image=&#8221;9333&#8243; anchor_button_section=&#8221;property&#8221;][vc_column]<div class=\"mkdf-elements-holder   mkdf-one-column  mkdf-responsive-mode-768 \" ><div class=\"mkdf-eh-item    \"  data-item-class=\"mkdf-eh-custom-3579\" data-1280-1600=\"15% 0 13.5%\" data-1024-1280=\"14% 0 11.5%\" data-768-1024=\"19% 0\" data-680-768=\"46% 0\" data-680=\"60% 0\">\n\t<div class=\"mkdf-eh-item-inner\">\n\t\t<div class=\"mkdf-eh-item-content mkdf-eh-custom-3579\" style=\"padding: 20.5% 0 16%\">\n\t\t\t\n<div class=\"mkdf-property-info-text-holder mkdf-light-skin\">\n                <div class=\"mkdf-property-info-text-item\">\n                <div class=\"mkdf-pit-main-content\">\n                    <div class=\"mkdf-pit-category-holder\">\n                        <div class=\"mkdf-svg-separator-holder mkdf-svg-separator-small\">\n    <div class=\"mkdf-svg-separator mkdf-svg-frames-class\" data-svg-frames=\"15\" data-svg-drawing=\"yes\" >\n        <svg version=\"1.1\"  id=\"layer_641\" xmlns=\"http:\/\/www.w3.org\/2000\/svg\" xmlns:xlink=\"http:\/\/www.w3.org\/1999\/xlink\" x=\"0px\" y=\"0px\"\n             width=\"65.167px\" height=\"11.917px\" viewBox=\"0 0 65.167 11.917\" enable-background=\"new 0 0 65.167 11.917\" xml:space=\"preserve\">\n            <path fill=\"none\" stroke=\"#010101\" stroke-width=\"1\" stroke-miterlimit=\"3\" d=\"M1.045,9.833 9.295,2.083 17.295,9.833\n            24.295,2.083 32.291,9.833 39.294,2.083 47.294,9.833 54.294,2.083 64.287,9.833 \"\/>\n        <\/svg>\n    <\/div>\n<\/div>                                                            <a itemprop=\"url\" class=\"mkdf-pit-category\" href=\"https:\/\/almavista.si\/property-category\/alma-vista\/\">ALMA VISTA<\/a>\n                                                    <div class=\"mkdf-svg-separator-holder mkdf-svg-separator-small\">\n    <div class=\"mkdf-svg-separator mkdf-svg-frames-class\" data-svg-frames=\"15\" data-svg-drawing=\"yes\" >\n        <svg version=\"1.1\"  id=\"layer_583\" xmlns=\"http:\/\/www.w3.org\/2000\/svg\" xmlns:xlink=\"http:\/\/www.w3.org\/1999\/xlink\" x=\"0px\" y=\"0px\"\n             width=\"65.167px\" height=\"11.917px\" viewBox=\"0 0 65.167 11.917\" enable-background=\"new 0 0 65.167 11.917\" xml:space=\"preserve\">\n            <path fill=\"none\" stroke=\"#010101\" stroke-width=\"1\" stroke-miterlimit=\"3\" d=\"M1.045,9.833 9.295,2.083 17.295,9.833\n            24.295,2.083 32.291,9.833 39.294,2.083 47.294,9.833 54.294,2.083 64.287,9.833 \"\/>\n        <\/svg>\n    <\/div>\n<\/div>                    <\/div>\n                    <div class=\"mkdf-pit-title-holder\">\n                        <div itemprop=\"name\" class=\"mkdf-pit-title entry-title\" style=\"text-transform: uppercase\">\n                            O vili                        <\/div>\n                    <\/div>\n                <\/div>\n            <\/div>\n            <\/div>\n\t\t<\/div>\n\t<\/div>\n<\/div><\/div>[\/vc_column][\/vc_row][vc_row row_content_width=&#8221;grid&#8221; anchor=&#8221;property&#8221;][vc_column][vc_empty_space height=&#8221;150px&#8221; el_class=&#8221;hidden-on-mobile&#8221;][vc_empty_space height=&#8221;100px&#8221; el_class=&#8221;hidden-on-desktop&#8221;]<div class=\"mkdf-icon-tabs mkdf-icons-tabs-horizontal\">\n    <ul class=\"mkdf-icon-tabs-nav clearfix\">\n                    <li>\n                                    <a href=\"#tab-dnevni-prostor\">\n                        <span class=\"mkdf-icon-tabs-title-holder\">DNEVNI PROSTOR<\/span>\n                    <\/a>\n                            <\/li>\n                    <li>\n                                    <a href=\"#tab-terasa\">\n                        <span class=\"mkdf-icon-tabs-title-holder\">TERASA<\/span>\n                    <\/a>\n                            <\/li>\n                    <li>\n                                    <a href=\"#tab-spalnice\">\n                        <span class=\"mkdf-icon-tabs-title-holder\">SPALNICE<\/span>\n                    <\/a>\n                            <\/li>\n                    <li>\n                                    <a href=\"#tab-nonina-shramba\">\n                        <span class=\"mkdf-icon-tabs-title-holder\">NONINA SHRAMBA<\/span>\n                    <\/a>\n                            <\/li>\n                    <li>\n                                    <a href=\"#tab-wellness\">\n                        <span class=\"mkdf-icon-tabs-title-holder\">WELLNESS<\/span>\n                    <\/a>\n                            <\/li>\n            <\/ul>\n    <div class=\"mkdf-icon-tab-container\" id=\"tab-dnevni-prostor-413\" data-icon-pack=\"dripicons\" data-icon-html=\"    &lt;span class=&quot;mkdf-icon-shortcode mkdf-normal   mkdf-icon-medium&quot;  &gt;\n                    &lt;i class=&quot;mkdf-icon-dripicons dripicon dripicons-cutlery mkdf-icon-element&quot; style=&quot;font-size:16px&quot; &gt;&lt;\/i&gt;            &lt;\/span&gt;\n\">\n    <div class=\"mkdf-icon-tab-content\">\n        <div class=\"mkdf-icon-tab-content-inner\">\n            <div class=\"mkdf-elements-holder   mkdf-one-column  mkdf-responsive-mode-768 \" ><div class=\"mkdf-eh-item    \"  data-item-class=\"mkdf-eh-custom-3137\" data-1024-1280=\"0 7% 0 0\">\n\t<div class=\"mkdf-eh-item-inner\">\n\t\t<div class=\"mkdf-eh-item-content mkdf-eh-custom-3137\" style=\"padding: 0 15% 0 0\">\n\t\t\t[vc_column_text]<\/p>\n<h1>Dnevni prostor<\/h1>\n<p>[\/vc_column_text]<h2 class=\"mkdf-custom-font-holder  mkdf-cf-8667  \" style=\"font-family: Old Standard TT;font-size: 22px;line-height: 32px;font-style: italic\" data-item-class=\"mkdf-cf-8667\">\n\tV pritli\u010dju se nahaja kuhinja in velik, svetel dnevni prostor.<\/h2>[vc_empty_space height=&#8221;6px&#8221;][vc_column_text]Popolnoma opremljen kuhinjski otok s pe\u010dico in indukcijskim \u0161tedilnikom, hladilnikom, pomivalnim in pralnim strojem je zdru\u017een z veliko jedilno mizo. Okusno opremljen prostor dopolnjuje sede\u017ena garnitura, TV &#8211; satelitska z velikim zaslonom, visokokakovostno ozvo\u010denje in hitra spletna povezava. Vsi prostori v vili so klimatizirani.[\/vc_column_text][vc_empty_space height=&#8221;45px&#8221;]\t\t<\/div>\n\t<\/div>\n<\/div><\/div>        <\/div>\n        <div class=\"mkdf-icon-tab-image\">\n            <img loading=\"lazy\" decoding=\"async\" width=\"1500\" height=\"2000\" src=\"https:\/\/almavista.si\/wp-content\/uploads\/2024\/03\/dnevna.jpg\" class=\"attachment-full size-full\" alt=\"dnevna\" srcset=\"https:\/\/almavista.si\/wp-content\/uploads\/2024\/03\/dnevna.jpg 1500w, https:\/\/almavista.si\/wp-content\/uploads\/2024\/03\/dnevna-225x300.jpg 225w, https:\/\/almavista.si\/wp-content\/uploads\/2024\/03\/dnevna-768x1024.jpg 768w, https:\/\/almavista.si\/wp-content\/uploads\/2024\/03\/dnevna-1152x1536.jpg 1152w\" sizes=\"auto, (max-width: 1500px) 100vw, 1500px\" \/>        <\/div>\n    <\/div>\n<\/div><div class=\"mkdf-icon-tab-container\" id=\"tab-terasa-657\" data-icon-pack=\"dripicons\" data-icon-html=\"    &lt;span class=&quot;mkdf-icon-shortcode mkdf-normal   mkdf-icon-medium&quot;  &gt;\n                    &lt;i class=&quot;mkdf-icon-dripicons dripicon dripicons-brightness-max mkdf-icon-element&quot; style=&quot;font-size:16px&quot; &gt;&lt;\/i&gt;            &lt;\/span&gt;\n\">\n    <div class=\"mkdf-icon-tab-content\">\n        <div class=\"mkdf-icon-tab-content-inner\">\n            <div class=\"mkdf-elements-holder   mkdf-one-column  mkdf-responsive-mode-768 \" ><div class=\"mkdf-eh-item    \"  data-item-class=\"mkdf-eh-custom-4336\" data-1024-1280=\"0 7% 0 0\">\n\t<div class=\"mkdf-eh-item-inner\">\n\t\t<div class=\"mkdf-eh-item-content mkdf-eh-custom-4336\" style=\"padding: 0 15% 0 0\">\n\t\t\t[vc_column_text]<\/p>\n<h1>Terasa<\/h1>\n<p>[\/vc_column_text]<h2 class=\"mkdf-custom-font-holder  mkdf-cf-6813  \" style=\"font-family: Old Standard TT;font-size: 22px;line-height: 32px;font-style: italic\" data-item-class=\"mkdf-cf-6813\">\n\tTerasa v lesu z bazenom in trata, popolna za aktivnosti na prostem<\/h2>[vc_empty_space height=&#8221;6px&#8221;][vc_column_text]Toplo vreme vas bo pritegnilo na prosto, privo\u0161\u010dite si lahko skok v osve\u017eilen zasebni bazen in razvajanje na soncu ob njem, vrtni \u017ear in velik travnik pa bosta poskrbela, da bodo v \u0161portnih in dru\u017eabnih aktivnostih u\u017eivali stari in mladi.[\/vc_column_text][vc_empty_space height=&#8221;45px&#8221;]\t\t<\/div>\n\t<\/div>\n<\/div><\/div>        <\/div>\n        <div class=\"mkdf-icon-tab-image\">\n            <img loading=\"lazy\" decoding=\"async\" width=\"1920\" height=\"1280\" src=\"https:\/\/almavista.si\/wp-content\/uploads\/2022\/11\/home-slide2-o-vili-terasa.jpg\" class=\"attachment-full size-full\" alt=\"home-slide2 + o-vili-terasa\" srcset=\"https:\/\/almavista.si\/wp-content\/uploads\/2022\/11\/home-slide2-o-vili-terasa.jpg 1920w, https:\/\/almavista.si\/wp-content\/uploads\/2022\/11\/home-slide2-o-vili-terasa-300x200.jpg 300w, https:\/\/almavista.si\/wp-content\/uploads\/2022\/11\/home-slide2-o-vili-terasa-1024x683.jpg 1024w, https:\/\/almavista.si\/wp-content\/uploads\/2022\/11\/home-slide2-o-vili-terasa-768x512.jpg 768w, https:\/\/almavista.si\/wp-content\/uploads\/2022\/11\/home-slide2-o-vili-terasa-1536x1024.jpg 1536w\" sizes=\"auto, (max-width: 1920px) 100vw, 1920px\" \/>        <\/div>\n    <\/div>\n<\/div><div class=\"mkdf-icon-tab-container\" id=\"tab-spalnice-5\" data-icon-pack=\"dripicons\" data-icon-html=\"    &lt;span class=&quot;mkdf-icon-shortcode mkdf-normal   mkdf-icon-medium&quot;  &gt;\n                    &lt;i class=&quot;mkdf-icon-dripicons dripicon dripicons-home mkdf-icon-element&quot; style=&quot;font-size:16px&quot; &gt;&lt;\/i&gt;            &lt;\/span&gt;\n\">\n    <div class=\"mkdf-icon-tab-content\">\n        <div class=\"mkdf-icon-tab-content-inner\">\n            <div class=\"mkdf-elements-holder   mkdf-one-column  mkdf-responsive-mode-768 \" ><div class=\"mkdf-eh-item    \"  data-item-class=\"mkdf-eh-custom-6893\" data-1024-1280=\"0 7% 0 0\">\n\t<div class=\"mkdf-eh-item-inner\">\n\t\t<div class=\"mkdf-eh-item-content mkdf-eh-custom-6893\" style=\"padding: 0 15% 0 0\">\n\t\t\t[vc_column_text]<\/p>\n<h1>Spalnice<\/h1>\n<p>[\/vc_column_text]<h2 class=\"mkdf-custom-font-holder  mkdf-cf-6291  \" style=\"font-family: Old Standard TT;font-size: 22px;line-height: 32px;font-style: italic\" data-item-class=\"mkdf-cf-6291\">\n\tProstorni in svetli spalnici s pripadajo\u010dima kopalnicama za zaslu\u017een po\u010ditek<\/h2>[vc_empty_space height=&#8221;6px&#8221;][vc_column_text]V prvem nadstropju se nahajata dve lo\u010deni prostorni spalnici, ki sta opremljeni z zakonsko posteljo v galeriji, raztegljivim kav\u010dem in popolnoma opremljeno kopalnico. Za duhovno hrano poskrbi obse\u017ena knji\u017enica na hodniku, iz balkona pa lahko u\u017eivate v razgledu, ki ob lepem vremenu se\u017ee do Jadranskega morja.\u00a0[\/vc_column_text][vc_empty_space height=&#8221;45px&#8221;]\t\t<\/div>\n\t<\/div>\n<\/div><\/div>        <\/div>\n        <div class=\"mkdf-icon-tab-image\">\n            <img loading=\"lazy\" decoding=\"async\" width=\"1736\" height=\"2602\" src=\"https:\/\/almavista.si\/wp-content\/uploads\/2019\/08\/Soba_2.jpg\" class=\"attachment-full size-full\" alt=\"Soba_2\" srcset=\"https:\/\/almavista.si\/wp-content\/uploads\/2019\/08\/Soba_2.jpg 1736w, https:\/\/almavista.si\/wp-content\/uploads\/2019\/08\/Soba_2-200x300.jpg 200w, https:\/\/almavista.si\/wp-content\/uploads\/2019\/08\/Soba_2-768x1151.jpg 768w, https:\/\/almavista.si\/wp-content\/uploads\/2019\/08\/Soba_2-683x1024.jpg 683w\" sizes=\"auto, (max-width: 1736px) 100vw, 1736px\" \/>        <\/div>\n    <\/div>\n<\/div><div class=\"mkdf-icon-tab-container\" id=\"tab-nonina-shramba-555\" data-icon-pack=\"dripicons\" data-icon-html=\"    &lt;span class=&quot;mkdf-icon-shortcode mkdf-normal   mkdf-icon-medium&quot;  &gt;\n                    &lt;i class=&quot;mkdf-icon-dripicons dripicon dripicons-jewel mkdf-icon-element&quot; style=&quot;font-size:16px&quot; &gt;&lt;\/i&gt;            &lt;\/span&gt;\n\">\n    <div class=\"mkdf-icon-tab-content\">\n        <div class=\"mkdf-icon-tab-content-inner\">\n            <div class=\"mkdf-elements-holder   mkdf-one-column  mkdf-responsive-mode-768 \" ><div class=\"mkdf-eh-item    \"  data-item-class=\"mkdf-eh-custom-7156\" data-1024-1280=\"0 7% 0 0\">\n\t<div class=\"mkdf-eh-item-inner\">\n\t\t<div class=\"mkdf-eh-item-content mkdf-eh-custom-7156\" style=\"padding: 0 15% 0 0\">\n\t\t\t[vc_column_text]<\/p>\n<h1>Nonina shramba<\/h1>\n<p>[\/vc_column_text]<h2 class=\"mkdf-custom-font-holder  mkdf-cf-1748  \" style=\"font-family: Old Standard TT;font-size: 22px;line-height: 32px;font-style: italic\" data-item-class=\"mkdf-cf-1748\">\n\tNonina shramba vas vabi. V njej se nahajajo vina na\u0161e blagovne znamke Edi Sim\u010di\u010d.<\/h2>[vc_empty_space height=&#8221;6px&#8221;][vc_empty_space height=&#8221;45px&#8221;]\t\t<\/div>\n\t<\/div>\n<\/div><\/div>        <\/div>\n        <div class=\"mkdf-icon-tab-image\">\n            <img loading=\"lazy\" decoding=\"async\" width=\"1022\" height=\"683\" src=\"https:\/\/almavista.si\/wp-content\/uploads\/2019\/07\/edi-simcic-photos-014-1.jpg\" class=\"attachment-full size-full\" alt=\"\" srcset=\"https:\/\/almavista.si\/wp-content\/uploads\/2019\/07\/edi-simcic-photos-014-1.jpg 1022w, https:\/\/almavista.si\/wp-content\/uploads\/2019\/07\/edi-simcic-photos-014-1-300x200.jpg 300w, https:\/\/almavista.si\/wp-content\/uploads\/2019\/07\/edi-simcic-photos-014-1-768x513.jpg 768w\" sizes=\"auto, (max-width: 1022px) 100vw, 1022px\" \/>        <\/div>\n    <\/div>\n<\/div><div class=\"mkdf-icon-tab-container\" id=\"tab-wellness-236\" data-icon-pack=\"dripicons\" data-icon-html=\"    &lt;span class=&quot;mkdf-icon-shortcode mkdf-normal   mkdf-icon-medium&quot;  &gt;\n                    &lt;i class=&quot;mkdf-icon-dripicons dripicon dripicons-heart mkdf-icon-element&quot; style=&quot;font-size:16px&quot; &gt;&lt;\/i&gt;            &lt;\/span&gt;\n\">\n    <div class=\"mkdf-icon-tab-content\">\n        <div class=\"mkdf-icon-tab-content-inner\">\n            <div class=\"mkdf-elements-holder   mkdf-one-column  mkdf-responsive-mode-768 \" ><div class=\"mkdf-eh-item    \"  data-item-class=\"mkdf-eh-custom-7790\" data-1024-1280=\"0 7% 0 0\">\n\t<div class=\"mkdf-eh-item-inner\">\n\t\t<div class=\"mkdf-eh-item-content mkdf-eh-custom-7790\" style=\"padding: 0 15% 0 0\">\n\t\t\t[vc_column_text]<\/p>\n<h1>Wellnes<\/h1>\n<p>[\/vc_column_text]<h2 class=\"mkdf-custom-font-holder  mkdf-cf-9729  \" style=\"font-family: Old Standard TT;font-size: 22px;line-height: 32px;font-style: italic\" data-item-class=\"mkdf-cf-9729\">\n\tCenter dobrega po\u010dutja z infrarde\u010do savno, masa\u017eno kadjo in prostorom za sprostitev<\/h2>[vc_empty_space height=&#8221;6px&#8221;][vc_column_text]V spodnjem delu na vas \u010daka pomirjujo\u010da oaza za po\u010ditek in relaksacijo telesa in duha. Privo\u0161\u010dite si u\u017eitke masa\u017enega bazena, se spotite v savni ali pa se preprosto sprostite s knjigo v rokah in kozarcem dobrega vina ob sebi.[\/vc_column_text][vc_empty_space height=&#8221;45px&#8221;]\t\t<\/div>\n\t<\/div>\n<\/div><\/div>        <\/div>\n        <div class=\"mkdf-icon-tab-image\">\n            <img loading=\"lazy\" decoding=\"async\" width=\"550\" height=\"550\" src=\"https:\/\/almavista.si\/wp-content\/uploads\/2022\/11\/o-vili-slider-wellness-zavihek-zgornja-slika.jpg\" class=\"attachment-full size-full\" alt=\"o-vili-slider-wellness-zavihek-zgornja-slika\" srcset=\"https:\/\/almavista.si\/wp-content\/uploads\/2022\/11\/o-vili-slider-wellness-zavihek-zgornja-slika.jpg 550w, https:\/\/almavista.si\/wp-content\/uploads\/2022\/11\/o-vili-slider-wellness-zavihek-zgornja-slika-300x300.jpg 300w, https:\/\/almavista.si\/wp-content\/uploads\/2022\/11\/o-vili-slider-wellness-zavihek-zgornja-slika-150x150.jpg 150w\" sizes=\"auto, (max-width: 550px) 100vw, 550px\" \/>        <\/div>\n    <\/div>\n<\/div><\/div>[vc_empty_space height=&#8221;84px&#8221;][vc_row_inner][vc_column_inner width=&#8221;1\/2&#8243;][vc_column_text]<\/p>\n<h3>Zajtrk<\/h3>\n<p>Na po\u010ditnicah ste, zato vas vabimo, da se prepustite vsem \u010dudovitim trenutkom, ki jih ponuja \u017eivljenje. In zakaj ne bi za\u010deli z zajtrkom? Za vas smo izbrali 3 razli\u010dne, lokalno pripravljene zajtrke, ki jim pripravimo po naro\u010dilu in dostavimo v vilo.<\/p>\n<p>&nbsp;<\/p>\n<p>Izbirate lahko med:<\/p>\n<ul>\n<li><strong>Cula Alma \u2013 tradicionalni bri\u0161ki zajtrk<\/strong><\/li>\n<li><strong>Cula Vida \u2013 vegetarijanski zajtrk<\/strong><\/li>\n<li><strong>Cula Zarja \u2013 veganski zajtrk<\/strong><\/li>\n<\/ul>\n<p>&nbsp;<\/p>\n<p><strong>Cena: 20 \u20ac \/ zajtrk<\/strong>[\/vc_column_text][\/vc_column_inner][vc_column_inner width=&#8221;1\/2&#8243;][vc_single_image image=&#8221;10508&#8243; img_size=&#8221;full&#8221;][\/vc_column_inner][\/vc_row_inner][\/vc_column][\/vc_row][vc_row row_content_width=&#8221;grid&#8221; css=&#8221;.vc_custom_1545320066734{padding-top: 10px !important;}&#8221;][vc_column width=&#8221;1\/2&#8243; offset=&#8221;vc_col-lg-3&#8243;]<div style=\"background-color:rgba(0,0,0,0)\" class=\"mkdf-icon-box-holder inside-icon border-disabled rounded-corners-disabled animate-icon-box animate-entire-box light-shadow\">\n            <div class=\"mkdf-icon-box-overlay\" style=\"background-color:#ffffff\"><\/div>\n        <div class=\"mkdf-icon-box-holder-inner\" >\n                    <div class=\"mkdf-custom-icon-holder\" >\n                <div class=\"mkdf-custom-icon\">\n                    <img loading=\"lazy\" decoding=\"async\" width=\"90\" height=\"86\" src=\"https:\/\/almavista.si\/wp-content\/uploads\/2019\/01\/on-premise-parking.png\" class=\"attachment-full size-full\" alt=\"\" \/>                <\/div>\n            <\/div>\n                <div class=\"mkdf-icon-box-text-holder\">\n                            <div class=\"mkdf-icon-box-title\">\n                    <h4  >\n                        Parkirno mesto                    <\/h4>\n                <\/div>\n                                        <div class=\"mkdf-icon-box-text\">\n                    Rezervirano parkiranje ob vili za 3 vozila                <\/div>\n                    <\/div>\n    <\/div>\n<\/div>[vc_empty_space height=&#8221;25px&#8221;][\/vc_column][vc_column width=&#8221;1\/2&#8243; offset=&#8221;vc_col-lg-3&#8243;]<div style=\"background-color:rgba(0,0,0,0)\" class=\"mkdf-icon-box-holder inside-icon border-disabled rounded-corners-disabled animate-icon-box animate-entire-box light-shadow\">\n            <div class=\"mkdf-icon-box-overlay\" style=\"background-color:#ffffff\"><\/div>\n        <div class=\"mkdf-icon-box-holder-inner\" >\n                    <div class=\"mkdf-custom-icon-holder\" >\n                <div class=\"mkdf-custom-icon\">\n                    <img loading=\"lazy\" decoding=\"async\" width=\"90\" height=\"86\" src=\"https:\/\/almavista.si\/wp-content\/uploads\/2023\/05\/cula.png\" class=\"attachment-full size-full\" alt=\"cula\" \/>                <\/div>\n            <\/div>\n                <div class=\"mkdf-icon-box-text-holder\">\n                            <div class=\"mkdf-icon-box-title\">\n                    <h4  >\n                        Zajtrk                    <\/h4>\n                <\/div>\n                                        <div class=\"mkdf-icon-box-text\">\n                    V vilo vam po naro\u010dilu dostavimo zajtrke.                <\/div>\n                    <\/div>\n    <\/div>\n<\/div>[vc_empty_space height=&#8221;25px&#8221;][\/vc_column][vc_column width=&#8221;1\/2&#8243; offset=&#8221;vc_col-lg-3&#8243;]<div style=\"background-color:rgba(0,0,0,0)\" class=\"mkdf-icon-box-holder inside-icon border-disabled rounded-corners-disabled animate-icon-box animate-entire-box light-shadow\">\n            <div class=\"mkdf-icon-box-overlay\" style=\"background-color:#ffffff\"><\/div>\n        <div class=\"mkdf-icon-box-holder-inner\" >\n                    <div class=\"mkdf-custom-icon-holder\" >\n                <div class=\"mkdf-custom-icon\">\n                    <img loading=\"lazy\" decoding=\"async\" width=\"90\" height=\"86\" src=\"https:\/\/almavista.si\/wp-content\/uploads\/2019\/01\/outdoor-pool.png\" class=\"attachment-full size-full\" alt=\"\" \/>                <\/div>\n            <\/div>\n                <div class=\"mkdf-icon-box-text-holder\">\n                            <div class=\"mkdf-icon-box-title\">\n                    <h4  >\n                        Zunanji bazen                    <\/h4>\n                <\/div>\n                                        <div class=\"mkdf-icon-box-text\">\n                    Med toplimi dnevi se lahko osve\u017eite v bazenu ali pa si privo\u0161\u010dite namaknje pod zvezdami                <\/div>\n                    <\/div>\n    <\/div>\n<\/div>[vc_empty_space height=&#8221;25px&#8221;][\/vc_column][vc_column width=&#8221;1\/2&#8243; offset=&#8221;vc_col-lg-3&#8243;]<div style=\"background-color:rgba(0,0,0,0)\" class=\"mkdf-icon-box-holder inside-icon border-disabled rounded-corners-disabled animate-icon-box animate-entire-box light-shadow\">\n            <div class=\"mkdf-icon-box-overlay\" style=\"background-color:#ffffff\"><\/div>\n        <div class=\"mkdf-icon-box-holder-inner\" >\n                    <div class=\"mkdf-custom-icon-holder\" >\n                <div class=\"mkdf-custom-icon\">\n                    <img loading=\"lazy\" decoding=\"async\" width=\"90\" height=\"86\" src=\"https:\/\/almavista.si\/wp-content\/uploads\/2019\/01\/sound-system.png\" class=\"attachment-full size-full\" alt=\"\" \/>                <\/div>\n            <\/div>\n                <div class=\"mkdf-icon-box-text-holder\">\n                            <div class=\"mkdf-icon-box-title\">\n                    <h4  >\n                        Ozvo\u010denje                    <\/h4>\n                <\/div>\n                                        <div class=\"mkdf-icon-box-text\">\n                    Visokokakovostno notranje in zunanje ozvo\u010denje za popolne zabave                <\/div>\n                    <\/div>\n    <\/div>\n<\/div>[vc_empty_space height=&#8221;25px&#8221;][\/vc_column][\/vc_row][vc_row row_content_width=&#8221;grid&#8221;][vc_column width=&#8221;1\/2&#8243; offset=&#8221;vc_col-lg-3&#8243;]<div style=\"background-color:rgba(0,0,0,0)\" class=\"mkdf-icon-box-holder inside-icon border-disabled rounded-corners-disabled animate-icon-box animate-entire-box light-shadow\">\n            <div class=\"mkdf-icon-box-overlay\" style=\"background-color:#ffffff\"><\/div>\n        <div class=\"mkdf-icon-box-holder-inner\" >\n                    <div class=\"mkdf-custom-icon-holder\" >\n                <div class=\"mkdf-custom-icon\">\n                    <img loading=\"lazy\" decoding=\"async\" width=\"90\" height=\"86\" src=\"https:\/\/almavista.si\/wp-content\/uploads\/2019\/01\/air-condition.png\" class=\"attachment-full size-full\" alt=\"\" \/>                <\/div>\n            <\/div>\n                <div class=\"mkdf-icon-box-text-holder\">\n                            <div class=\"mkdf-icon-box-title\">\n                    <h4  >\n                        Klima                    <\/h4>\n                <\/div>\n                                        <div class=\"mkdf-icon-box-text\">\n                    Vsi prostori v vili so za najbolj\u0161e udobje klimatizirani                <\/div>\n                    <\/div>\n    <\/div>\n<\/div>[vc_empty_space height=&#8221;25px&#8221;][\/vc_column][vc_column width=&#8221;1\/2&#8243; offset=&#8221;vc_col-lg-3&#8243;]<div style=\"background-color:rgba(0,0,0,0)\" class=\"mkdf-icon-box-holder inside-icon border-disabled rounded-corners-disabled animate-icon-box animate-entire-box light-shadow\">\n            <div class=\"mkdf-icon-box-overlay\" style=\"background-color:#ffffff\"><\/div>\n        <div class=\"mkdf-icon-box-holder-inner\" >\n                    <div class=\"mkdf-custom-icon-holder\" >\n                <div class=\"mkdf-custom-icon\">\n                    <img loading=\"lazy\" decoding=\"async\" width=\"90\" height=\"86\" src=\"https:\/\/almavista.si\/wp-content\/uploads\/2019\/01\/fast-wi-fi.png\" class=\"attachment-full size-full\" alt=\"\" \/>                <\/div>\n            <\/div>\n                <div class=\"mkdf-icon-box-text-holder\">\n                            <div class=\"mkdf-icon-box-title\">\n                    <h4  >\n                        Hiter internet                    <\/h4>\n                <\/div>\n                                        <div class=\"mkdf-icon-box-text\">\n                    Ostanite povezani s svetom s pomo\u010djo hitrega brez\u017ei\u010dnega omre\u017eja                <\/div>\n                    <\/div>\n    <\/div>\n<\/div>[vc_empty_space height=&#8221;25px&#8221;][\/vc_column][vc_column width=&#8221;1\/2&#8243; offset=&#8221;vc_col-lg-3&#8243;]<div style=\"background-color:rgba(0,0,0,0)\" class=\"mkdf-icon-box-holder inside-icon border-disabled rounded-corners-disabled animate-icon-box animate-entire-box light-shadow\">\n            <div class=\"mkdf-icon-box-overlay\" style=\"background-color:#ffffff\"><\/div>\n        <div class=\"mkdf-icon-box-holder-inner\" >\n                    <div class=\"mkdf-custom-icon-holder\" >\n                <div class=\"mkdf-custom-icon\">\n                    <img loading=\"lazy\" decoding=\"async\" width=\"90\" height=\"86\" src=\"https:\/\/almavista.si\/wp-content\/uploads\/2019\/08\/wines.png\" class=\"attachment-full size-full\" alt=\"\" \/>                <\/div>\n            <\/div>\n                <div class=\"mkdf-icon-box-text-holder\">\n                            <div class=\"mkdf-icon-box-title\">\n                    <h4  >\n                        Vinska klet                    <\/h4>\n                <\/div>\n                                        <div class=\"mkdf-icon-box-text\">\n                    Va\u0161a zasebna vinska klet z izbranimi steklenicami vrhunskih vin hi\u0161ne kleti Edi Sim\u010di\u010d                <\/div>\n                    <\/div>\n    <\/div>\n<\/div>[vc_empty_space height=&#8221;25px&#8221;][\/vc_column][vc_column width=&#8221;1\/2&#8243; offset=&#8221;vc_col-lg-3&#8243;]<div style=\"background-color:rgba(0,0,0,0)\" class=\"mkdf-icon-box-holder inside-icon border-disabled rounded-corners-disabled animate-icon-box animate-entire-box light-shadow\">\n            <div class=\"mkdf-icon-box-overlay\" style=\"background-color:#ffffff\"><\/div>\n        <div class=\"mkdf-icon-box-holder-inner\" >\n                    <div class=\"mkdf-custom-icon-holder\" >\n                <div class=\"mkdf-custom-icon\">\n                    <img loading=\"lazy\" decoding=\"async\" width=\"90\" height=\"86\" src=\"https:\/\/almavista.si\/wp-content\/uploads\/2019\/01\/wellness.png\" class=\"attachment-full size-full\" alt=\"\" \/>                <\/div>\n            <\/div>\n                <div class=\"mkdf-icon-box-text-holder\">\n                            <div class=\"mkdf-icon-box-title\">\n                    <h4  >\n                        Wellnes                    <\/h4>\n                <\/div>\n                                        <div class=\"mkdf-icon-box-text\">\n                    Center dobrega po\u010dutja z infrarde\u010do savno in masa\u017eno kadjo                <\/div>\n                    <\/div>\n    <\/div>\n<\/div>[vc_empty_space height=&#8221;25px&#8221;][\/vc_column][\/vc_row][vc_row row_content_width=&#8221;grid&#8221;][vc_column width=&#8221;1\/2&#8243; offset=&#8221;vc_col-lg-3&#8243;]<div style=\"background-color:rgba(0,0,0,0)\" class=\"mkdf-icon-box-holder inside-icon border-disabled rounded-corners-disabled animate-icon-box animate-entire-box light-shadow\">\n            <div class=\"mkdf-icon-box-overlay\" style=\"background-color:#ffffff\"><\/div>\n        <div class=\"mkdf-icon-box-holder-inner\" >\n                    <div class=\"mkdf-custom-icon-holder\" >\n                <div class=\"mkdf-custom-icon\">\n                    <img loading=\"lazy\" decoding=\"async\" width=\"90\" height=\"86\" src=\"https:\/\/almavista.si\/wp-content\/uploads\/2017\/11\/towels.png\" class=\"attachment-full size-full\" alt=\"towels\" \/>                <\/div>\n            <\/div>\n                <div class=\"mkdf-icon-box-text-holder\">\n                            <div class=\"mkdf-icon-box-title\">\n                    <h4  >\n                        Brisa\u010de                    <\/h4>\n                <\/div>\n                                        <div class=\"mkdf-icon-box-text\">\n                    Za vsakega gosta so na voljo sve\u017ee brisa\u010de                <\/div>\n                    <\/div>\n    <\/div>\n<\/div>[vc_empty_space height=&#8221;25px&#8221;][\/vc_column][vc_column width=&#8221;1\/2&#8243; offset=&#8221;vc_col-lg-3&#8243;]<div style=\"background-color:rgba(0,0,0,0)\" class=\"mkdf-icon-box-holder inside-icon border-disabled rounded-corners-disabled animate-icon-box animate-entire-box light-shadow\">\n            <div class=\"mkdf-icon-box-overlay\" style=\"background-color:#ffffff\"><\/div>\n        <div class=\"mkdf-icon-box-holder-inner\" >\n                    <div class=\"mkdf-custom-icon-holder\" >\n                <div class=\"mkdf-custom-icon\">\n                    <img loading=\"lazy\" decoding=\"async\" width=\"90\" height=\"86\" src=\"https:\/\/almavista.si\/wp-content\/uploads\/2017\/11\/bath_robetowels.png\" class=\"attachment-full size-full\" alt=\"bath_robe&amp;towels\" \/>                <\/div>\n            <\/div>\n                <div class=\"mkdf-icon-box-text-holder\">\n                            <div class=\"mkdf-icon-box-title\">\n                    <h4  >\n                        Kopalni pla\u0161\u010di                    <\/h4>\n                <\/div>\n                                        <div class=\"mkdf-icon-box-text\">\n                    Po dnevnem razvajanju se zavijte v mehkobo kopalnega pla\u0161\u010da                <\/div>\n                    <\/div>\n    <\/div>\n<\/div>[vc_empty_space height=&#8221;25px&#8221;][\/vc_column][\/vc_row][vc_row][vc_column][vc_empty_space height=&#8221;150px&#8221; el_class=&#8221;hidden-on-mobile&#8221;][vc_empty_space height=&#8221;75px&#8221; el_class=&#8221;hidden-on-desktop&#8221;][\/vc_column][vc_column]<div class=\"mkdf-section-title-holder  mkdf-st-standard mkdf-st-title-left mkdf-st-normal-space \" style=\"text-align: center\">\n\t<div class=\"mkdf-st-inner\">\n                    <h6 class=\"mkdf-st-subtitle\" >\n                Vila            <\/h6>\n        \t\t\t\t\t<h1 class=\"mkdf-st-title\" >\n\t\t\t\tRazporeditev prostorov\t\t\t<\/h1>\n\t\t        <div class=\"mkdf-svg-separator-holder mkdf-svg-separator-small\">\n    <div class=\"mkdf-svg-separator mkdf-svg-frames-class\" data-svg-frames=\"15\" data-svg-drawing=\"yes\" >\n        <svg version=\"1.1\"  id=\"layer_177\" xmlns=\"http:\/\/www.w3.org\/2000\/svg\" xmlns:xlink=\"http:\/\/www.w3.org\/1999\/xlink\" x=\"0px\" y=\"0px\"\n             width=\"65.167px\" height=\"11.917px\" viewBox=\"0 0 65.167 11.917\" enable-background=\"new 0 0 65.167 11.917\" xml:space=\"preserve\">\n            <path fill=\"none\" stroke=\"#010101\" stroke-width=\"1\" stroke-miterlimit=\"3\" d=\"M1.045,9.833 9.295,2.083 17.295,9.833\n            24.295,2.083 32.291,9.833 39.294,2.083 47.294,9.833 54.294,2.083 64.287,9.833 \"\/>\n        <\/svg>\n    <\/div>\n<\/div>\t\t\t<\/div>\n<\/div>[vc_empty_space height=&#8221;36px&#8221;][\/vc_column][\/vc_row][vc_row row_content_width=&#8221;grid&#8221;][vc_column][vc_empty_space height=&#8221;10px&#8221;]<div class=\"mkdf-image-map-gallery mkdf-grid-rowposition-relative custom-image-map \" data-image-map-name=''>\n    <div class=\"mkdf-img-holder mkdf-grid-col-6\">\n        <div class=\"mkdf-img-section mkdf-img-holder-inner active\">\n            <div class=\"mkdf-img-slider\" data-number-of-items=\"1\" data-enable-loop=\"no\" data-enable-autoplay=\"no\" data-slider-speed=\"5000\" data-slider-speed-animation=\"600\" data-enable-navigation=\"no\" data-enable-pagination=\"yes\">\n                                    <div class=\"mkdf-ig-image\" data-imp-shape=\"empty\">\n                        <img loading=\"lazy\" decoding=\"async\" width=\"550\" height=\"380\" src=\"https:\/\/almavista.si\/wp-content\/uploads\/2022\/11\/o-vili-slider-kuhinja-lezeca.jpg\" class=\"attachment-full size-full\" alt=\"o-vili-slider-kuhinja-lezeca\" srcset=\"https:\/\/almavista.si\/wp-content\/uploads\/2022\/11\/o-vili-slider-kuhinja-lezeca.jpg 550w, https:\/\/almavista.si\/wp-content\/uploads\/2022\/11\/o-vili-slider-kuhinja-lezeca-300x207.jpg 300w\" sizes=\"auto, (max-width: 550px) 100vw, 550px\" \/>                    <\/div>\n                                    <div class=\"mkdf-ig-image\" data-imp-shape=\"empty\">\n                        <img loading=\"lazy\" decoding=\"async\" width=\"550\" height=\"380\" src=\"https:\/\/almavista.si\/wp-content\/uploads\/2022\/11\/o-vili-slider-spodaj-living-room.jpg\" class=\"attachment-full size-full\" alt=\"\" srcset=\"https:\/\/almavista.si\/wp-content\/uploads\/2022\/11\/o-vili-slider-spodaj-living-room.jpg 550w, https:\/\/almavista.si\/wp-content\/uploads\/2022\/11\/o-vili-slider-spodaj-living-room-300x207.jpg 300w\" sizes=\"auto, (max-width: 550px) 100vw, 550px\" \/>                    <\/div>\n                                    <div class=\"mkdf-ig-image\" data-imp-shape=\"empty\">\n                        <img loading=\"lazy\" decoding=\"async\" width=\"550\" height=\"380\" src=\"https:\/\/almavista.si\/wp-content\/uploads\/2022\/11\/o-vili-slider-terasa-lezeca.jpg\" class=\"attachment-full size-full\" alt=\"\" srcset=\"https:\/\/almavista.si\/wp-content\/uploads\/2022\/11\/o-vili-slider-terasa-lezeca.jpg 550w, https:\/\/almavista.si\/wp-content\/uploads\/2022\/11\/o-vili-slider-terasa-lezeca-300x207.jpg 300w\" sizes=\"auto, (max-width: 550px) 100vw, 550px\" \/>                    <\/div>\n                                    <div class=\"mkdf-ig-image\" data-imp-shape=\"empty\">\n                        <img loading=\"lazy\" decoding=\"async\" width=\"1240\" height=\"857\" src=\"https:\/\/almavista.si\/wp-content\/uploads\/2019\/02\/about-the-villa_layouts-plan_4.jpg\" class=\"attachment-full size-full\" alt=\"about-the-villa_layouts-plan_4\" srcset=\"https:\/\/almavista.si\/wp-content\/uploads\/2019\/02\/about-the-villa_layouts-plan_4.jpg 1240w, https:\/\/almavista.si\/wp-content\/uploads\/2019\/02\/about-the-villa_layouts-plan_4-300x207.jpg 300w, https:\/\/almavista.si\/wp-content\/uploads\/2019\/02\/about-the-villa_layouts-plan_4-768x531.jpg 768w, https:\/\/almavista.si\/wp-content\/uploads\/2019\/02\/about-the-villa_layouts-plan_4-1024x708.jpg 1024w\" sizes=\"auto, (max-width: 1240px) 100vw, 1240px\" \/>                    <\/div>\n                                    <div class=\"mkdf-ig-image\" data-imp-shape=\"empty\">\n                        <img loading=\"lazy\" decoding=\"async\" width=\"1200\" height=\"829\" src=\"https:\/\/almavista.si\/wp-content\/uploads\/2022\/11\/o-vili-slider-savna-lezeca.jpg\" class=\"attachment-full size-full\" alt=\"o-vili-slider-savna-lezeca\" srcset=\"https:\/\/almavista.si\/wp-content\/uploads\/2022\/11\/o-vili-slider-savna-lezeca.jpg 1200w, https:\/\/almavista.si\/wp-content\/uploads\/2022\/11\/o-vili-slider-savna-lezeca-300x207.jpg 300w, https:\/\/almavista.si\/wp-content\/uploads\/2022\/11\/o-vili-slider-savna-lezeca-1024x707.jpg 1024w, https:\/\/almavista.si\/wp-content\/uploads\/2022\/11\/o-vili-slider-savna-lezeca-768x531.jpg 768w\" sizes=\"auto, (max-width: 1200px) 100vw, 1200px\" \/>                    <\/div>\n                                    <div class=\"mkdf-ig-image\" data-imp-shape=\"empty\">\n                        <img loading=\"lazy\" decoding=\"async\" width=\"550\" height=\"380\" src=\"https:\/\/almavista.si\/wp-content\/uploads\/2022\/11\/wellness-lezeca.jpg\" class=\"attachment-full size-full\" alt=\"wellness-lezeca\" srcset=\"https:\/\/almavista.si\/wp-content\/uploads\/2022\/11\/wellness-lezeca.jpg 550w, https:\/\/almavista.si\/wp-content\/uploads\/2022\/11\/wellness-lezeca-300x207.jpg 300w\" sizes=\"auto, (max-width: 550px) 100vw, 550px\" \/>                    <\/div>\n                                    <div class=\"mkdf-ig-image\" data-imp-shape=\"empty\">\n                        <img loading=\"lazy\" decoding=\"async\" width=\"550\" height=\"380\" src=\"https:\/\/almavista.si\/wp-content\/uploads\/2022\/11\/o-vili-slider-wellness-with-jacuzzi-lezeca.jpg\" class=\"attachment-full size-full\" alt=\"o-vili-slider-wellness-with-jacuzzi-lezeca\" srcset=\"https:\/\/almavista.si\/wp-content\/uploads\/2022\/11\/o-vili-slider-wellness-with-jacuzzi-lezeca.jpg 550w, https:\/\/almavista.si\/wp-content\/uploads\/2022\/11\/o-vili-slider-wellness-with-jacuzzi-lezeca-300x207.jpg 300w\" sizes=\"auto, (max-width: 550px) 100vw, 550px\" \/>                    <\/div>\n                                    <div class=\"mkdf-ig-image\" data-imp-shape=\"empty\">\n                        <img loading=\"lazy\" decoding=\"async\" width=\"1022\" height=\"683\" src=\"https:\/\/almavista.si\/wp-content\/uploads\/2019\/07\/edi-simcic-photos-014-1.jpg\" class=\"attachment-full size-full\" alt=\"\" srcset=\"https:\/\/almavista.si\/wp-content\/uploads\/2019\/07\/edi-simcic-photos-014-1.jpg 1022w, https:\/\/almavista.si\/wp-content\/uploads\/2019\/07\/edi-simcic-photos-014-1-300x200.jpg 300w, https:\/\/almavista.si\/wp-content\/uploads\/2019\/07\/edi-simcic-photos-014-1-768x513.jpg 768w\" sizes=\"auto, (max-width: 1022px) 100vw, 1022px\" \/>                    <\/div>\n                                    <div class=\"mkdf-ig-image\" data-imp-shape=\"empty\">\n                        <img loading=\"lazy\" decoding=\"async\" width=\"1240\" height=\"857\" src=\"https:\/\/almavista.si\/wp-content\/uploads\/2019\/02\/about-the-villa_layouts-plan_12.jpg\" class=\"attachment-full size-full\" alt=\"about-the-villa_layouts-plan_12\" srcset=\"https:\/\/almavista.si\/wp-content\/uploads\/2019\/02\/about-the-villa_layouts-plan_12.jpg 1240w, https:\/\/almavista.si\/wp-content\/uploads\/2019\/02\/about-the-villa_layouts-plan_12-300x207.jpg 300w, https:\/\/almavista.si\/wp-content\/uploads\/2019\/02\/about-the-villa_layouts-plan_12-768x531.jpg 768w, https:\/\/almavista.si\/wp-content\/uploads\/2019\/02\/about-the-villa_layouts-plan_12-1024x708.jpg 1024w\" sizes=\"auto, (max-width: 1240px) 100vw, 1240px\" \/>                    <\/div>\n                                    <div class=\"mkdf-ig-image\" data-imp-shape=\"empty\">\n                        <img loading=\"lazy\" decoding=\"async\" width=\"1241\" height=\"857\" src=\"https:\/\/almavista.si\/wp-content\/uploads\/2019\/02\/about-the-villa_layouts-plan_7-1.jpg\" class=\"attachment-full size-full\" alt=\"about-the-villa_layouts-plan_7-1\" srcset=\"https:\/\/almavista.si\/wp-content\/uploads\/2019\/02\/about-the-villa_layouts-plan_7-1.jpg 1241w, https:\/\/almavista.si\/wp-content\/uploads\/2019\/02\/about-the-villa_layouts-plan_7-1-300x207.jpg 300w, https:\/\/almavista.si\/wp-content\/uploads\/2019\/02\/about-the-villa_layouts-plan_7-1-768x530.jpg 768w, https:\/\/almavista.si\/wp-content\/uploads\/2019\/02\/about-the-villa_layouts-plan_7-1-1024x707.jpg 1024w\" sizes=\"auto, (max-width: 1241px) 100vw, 1241px\" \/>                    <\/div>\n                                    <div class=\"mkdf-ig-image\" data-imp-shape=\"empty\">\n                        <img loading=\"lazy\" decoding=\"async\" width=\"1241\" height=\"857\" src=\"https:\/\/almavista.si\/wp-content\/uploads\/2019\/02\/about-the-villa_layouts-plan_13.jpg\" class=\"attachment-full size-full\" alt=\"about-the-villa_layouts-plan_13\" srcset=\"https:\/\/almavista.si\/wp-content\/uploads\/2019\/02\/about-the-villa_layouts-plan_13.jpg 1241w, https:\/\/almavista.si\/wp-content\/uploads\/2019\/02\/about-the-villa_layouts-plan_13-300x207.jpg 300w, https:\/\/almavista.si\/wp-content\/uploads\/2019\/02\/about-the-villa_layouts-plan_13-768x530.jpg 768w, https:\/\/almavista.si\/wp-content\/uploads\/2019\/02\/about-the-villa_layouts-plan_13-1024x707.jpg 1024w\" sizes=\"auto, (max-width: 1241px) 100vw, 1241px\" \/>                    <\/div>\n                                    <div class=\"mkdf-ig-image\" data-imp-shape=\"empty\">\n                        <img loading=\"lazy\" decoding=\"async\" width=\"1241\" height=\"857\" src=\"https:\/\/almavista.si\/wp-content\/uploads\/2019\/02\/about-the-villa_layouts-plan_10.jpg\" class=\"attachment-full size-full\" alt=\"about-the-villa_layouts-plan_10\" srcset=\"https:\/\/almavista.si\/wp-content\/uploads\/2019\/02\/about-the-villa_layouts-plan_10.jpg 1241w, https:\/\/almavista.si\/wp-content\/uploads\/2019\/02\/about-the-villa_layouts-plan_10-300x207.jpg 300w, https:\/\/almavista.si\/wp-content\/uploads\/2019\/02\/about-the-villa_layouts-plan_10-768x530.jpg 768w, https:\/\/almavista.si\/wp-content\/uploads\/2019\/02\/about-the-villa_layouts-plan_10-1024x707.jpg 1024w\" sizes=\"auto, (max-width: 1241px) 100vw, 1241px\" \/>                    <\/div>\n                                    <div class=\"mkdf-ig-image\" data-imp-shape=\"empty\">\n                        <img loading=\"lazy\" decoding=\"async\" width=\"550\" height=\"380\" src=\"https:\/\/almavista.si\/wp-content\/uploads\/2022\/11\/o-vili-slider-1stfloorgallery-zgornja-spalnica-lezeca.jpg\" class=\"attachment-full size-full\" alt=\"o-vili-slider-1stfloorgallery-zgornja-spalnica-lezeca\" srcset=\"https:\/\/almavista.si\/wp-content\/uploads\/2022\/11\/o-vili-slider-1stfloorgallery-zgornja-spalnica-lezeca.jpg 550w, https:\/\/almavista.si\/wp-content\/uploads\/2022\/11\/o-vili-slider-1stfloorgallery-zgornja-spalnica-lezeca-300x207.jpg 300w\" sizes=\"auto, (max-width: 550px) 100vw, 550px\" \/>                    <\/div>\n                                    <div class=\"mkdf-ig-image\" data-imp-shape=\"empty\">\n                        <img loading=\"lazy\" decoding=\"async\" width=\"1241\" height=\"857\" src=\"https:\/\/almavista.si\/wp-content\/uploads\/2019\/02\/about-the-villa_layouts-plan_11.jpg\" class=\"attachment-full size-full\" alt=\"about-the-villa_layouts-plan_11\" srcset=\"https:\/\/almavista.si\/wp-content\/uploads\/2019\/02\/about-the-villa_layouts-plan_11.jpg 1241w, https:\/\/almavista.si\/wp-content\/uploads\/2019\/02\/about-the-villa_layouts-plan_11-300x207.jpg 300w, https:\/\/almavista.si\/wp-content\/uploads\/2019\/02\/about-the-villa_layouts-plan_11-768x530.jpg 768w, https:\/\/almavista.si\/wp-content\/uploads\/2019\/02\/about-the-villa_layouts-plan_11-1024x707.jpg 1024w\" sizes=\"auto, (max-width: 1241px) 100vw, 1241px\" \/>                    <\/div>\n                                    <div class=\"mkdf-ig-image\" data-imp-shape=\"empty\">\n                        <img loading=\"lazy\" decoding=\"async\" width=\"550\" height=\"380\" src=\"https:\/\/almavista.si\/wp-content\/uploads\/2022\/11\/o-vili-slider-postelja-lezeca.jpg\" class=\"attachment-full size-full\" alt=\"o-vili-slider-postelja-lezeca\" srcset=\"https:\/\/almavista.si\/wp-content\/uploads\/2022\/11\/o-vili-slider-postelja-lezeca.jpg 550w, https:\/\/almavista.si\/wp-content\/uploads\/2022\/11\/o-vili-slider-postelja-lezeca-300x207.jpg 300w\" sizes=\"auto, (max-width: 550px) 100vw, 550px\" \/>                    <\/div>\n                            <\/div>\n            <ul id=\"mkdf-imp-pagination\" class=\"mkdf-pagination-slider clearfix\">\n                                    <li class=\"mkdf-impp-item\"><img loading=\"lazy\" decoding=\"async\" width=\"550\" height=\"380\" src=\"https:\/\/almavista.si\/wp-content\/uploads\/2022\/11\/o-vili-slider-kuhinja-lezeca.jpg\" class=\"attachment-full size-full\" alt=\"o-vili-slider-kuhinja-lezeca\" srcset=\"https:\/\/almavista.si\/wp-content\/uploads\/2022\/11\/o-vili-slider-kuhinja-lezeca.jpg 550w, https:\/\/almavista.si\/wp-content\/uploads\/2022\/11\/o-vili-slider-kuhinja-lezeca-300x207.jpg 300w\" sizes=\"auto, (max-width: 550px) 100vw, 550px\" \/><\/li>\n                                    <li class=\"mkdf-impp-item\"><img loading=\"lazy\" decoding=\"async\" width=\"550\" height=\"380\" src=\"https:\/\/almavista.si\/wp-content\/uploads\/2022\/11\/o-vili-slider-spodaj-living-room.jpg\" class=\"attachment-full size-full\" alt=\"\" srcset=\"https:\/\/almavista.si\/wp-content\/uploads\/2022\/11\/o-vili-slider-spodaj-living-room.jpg 550w, https:\/\/almavista.si\/wp-content\/uploads\/2022\/11\/o-vili-slider-spodaj-living-room-300x207.jpg 300w\" sizes=\"auto, (max-width: 550px) 100vw, 550px\" \/><\/li>\n                                    <li class=\"mkdf-impp-item\"><img loading=\"lazy\" decoding=\"async\" width=\"550\" height=\"380\" src=\"https:\/\/almavista.si\/wp-content\/uploads\/2022\/11\/o-vili-slider-terasa-lezeca.jpg\" class=\"attachment-full size-full\" alt=\"\" srcset=\"https:\/\/almavista.si\/wp-content\/uploads\/2022\/11\/o-vili-slider-terasa-lezeca.jpg 550w, https:\/\/almavista.si\/wp-content\/uploads\/2022\/11\/o-vili-slider-terasa-lezeca-300x207.jpg 300w\" sizes=\"auto, (max-width: 550px) 100vw, 550px\" \/><\/li>\n                                    <li class=\"mkdf-impp-item\"><img loading=\"lazy\" decoding=\"async\" width=\"1240\" height=\"857\" src=\"https:\/\/almavista.si\/wp-content\/uploads\/2019\/02\/about-the-villa_layouts-plan_4.jpg\" class=\"attachment-full size-full\" alt=\"about-the-villa_layouts-plan_4\" srcset=\"https:\/\/almavista.si\/wp-content\/uploads\/2019\/02\/about-the-villa_layouts-plan_4.jpg 1240w, https:\/\/almavista.si\/wp-content\/uploads\/2019\/02\/about-the-villa_layouts-plan_4-300x207.jpg 300w, https:\/\/almavista.si\/wp-content\/uploads\/2019\/02\/about-the-villa_layouts-plan_4-768x531.jpg 768w, https:\/\/almavista.si\/wp-content\/uploads\/2019\/02\/about-the-villa_layouts-plan_4-1024x708.jpg 1024w\" sizes=\"auto, (max-width: 1240px) 100vw, 1240px\" \/><\/li>\n                                    <li class=\"mkdf-impp-item\"><img loading=\"lazy\" decoding=\"async\" width=\"1200\" height=\"829\" src=\"https:\/\/almavista.si\/wp-content\/uploads\/2022\/11\/o-vili-slider-savna-lezeca.jpg\" class=\"attachment-full size-full\" alt=\"o-vili-slider-savna-lezeca\" srcset=\"https:\/\/almavista.si\/wp-content\/uploads\/2022\/11\/o-vili-slider-savna-lezeca.jpg 1200w, https:\/\/almavista.si\/wp-content\/uploads\/2022\/11\/o-vili-slider-savna-lezeca-300x207.jpg 300w, https:\/\/almavista.si\/wp-content\/uploads\/2022\/11\/o-vili-slider-savna-lezeca-1024x707.jpg 1024w, https:\/\/almavista.si\/wp-content\/uploads\/2022\/11\/o-vili-slider-savna-lezeca-768x531.jpg 768w\" sizes=\"auto, (max-width: 1200px) 100vw, 1200px\" \/><\/li>\n                                    <li class=\"mkdf-impp-item\"><img loading=\"lazy\" decoding=\"async\" width=\"550\" height=\"380\" src=\"https:\/\/almavista.si\/wp-content\/uploads\/2022\/11\/wellness-lezeca.jpg\" class=\"attachment-full size-full\" alt=\"wellness-lezeca\" srcset=\"https:\/\/almavista.si\/wp-content\/uploads\/2022\/11\/wellness-lezeca.jpg 550w, https:\/\/almavista.si\/wp-content\/uploads\/2022\/11\/wellness-lezeca-300x207.jpg 300w\" sizes=\"auto, (max-width: 550px) 100vw, 550px\" \/><\/li>\n                                    <li class=\"mkdf-impp-item\"><img loading=\"lazy\" decoding=\"async\" width=\"550\" height=\"380\" src=\"https:\/\/almavista.si\/wp-content\/uploads\/2022\/11\/o-vili-slider-wellness-with-jacuzzi-lezeca.jpg\" class=\"attachment-full size-full\" alt=\"o-vili-slider-wellness-with-jacuzzi-lezeca\" srcset=\"https:\/\/almavista.si\/wp-content\/uploads\/2022\/11\/o-vili-slider-wellness-with-jacuzzi-lezeca.jpg 550w, https:\/\/almavista.si\/wp-content\/uploads\/2022\/11\/o-vili-slider-wellness-with-jacuzzi-lezeca-300x207.jpg 300w\" sizes=\"auto, (max-width: 550px) 100vw, 550px\" \/><\/li>\n                                    <li class=\"mkdf-impp-item\"><img loading=\"lazy\" decoding=\"async\" width=\"1022\" height=\"683\" src=\"https:\/\/almavista.si\/wp-content\/uploads\/2019\/07\/edi-simcic-photos-014-1.jpg\" class=\"attachment-full size-full\" alt=\"\" srcset=\"https:\/\/almavista.si\/wp-content\/uploads\/2019\/07\/edi-simcic-photos-014-1.jpg 1022w, https:\/\/almavista.si\/wp-content\/uploads\/2019\/07\/edi-simcic-photos-014-1-300x200.jpg 300w, https:\/\/almavista.si\/wp-content\/uploads\/2019\/07\/edi-simcic-photos-014-1-768x513.jpg 768w\" sizes=\"auto, (max-width: 1022px) 100vw, 1022px\" \/><\/li>\n                                    <li class=\"mkdf-impp-item\"><img loading=\"lazy\" decoding=\"async\" width=\"1240\" height=\"857\" src=\"https:\/\/almavista.si\/wp-content\/uploads\/2019\/02\/about-the-villa_layouts-plan_12.jpg\" class=\"attachment-full size-full\" alt=\"about-the-villa_layouts-plan_12\" srcset=\"https:\/\/almavista.si\/wp-content\/uploads\/2019\/02\/about-the-villa_layouts-plan_12.jpg 1240w, https:\/\/almavista.si\/wp-content\/uploads\/2019\/02\/about-the-villa_layouts-plan_12-300x207.jpg 300w, https:\/\/almavista.si\/wp-content\/uploads\/2019\/02\/about-the-villa_layouts-plan_12-768x531.jpg 768w, https:\/\/almavista.si\/wp-content\/uploads\/2019\/02\/about-the-villa_layouts-plan_12-1024x708.jpg 1024w\" sizes=\"auto, (max-width: 1240px) 100vw, 1240px\" \/><\/li>\n                                    <li class=\"mkdf-impp-item\"><img loading=\"lazy\" decoding=\"async\" width=\"1241\" height=\"857\" src=\"https:\/\/almavista.si\/wp-content\/uploads\/2019\/02\/about-the-villa_layouts-plan_7-1.jpg\" class=\"attachment-full size-full\" alt=\"about-the-villa_layouts-plan_7-1\" srcset=\"https:\/\/almavista.si\/wp-content\/uploads\/2019\/02\/about-the-villa_layouts-plan_7-1.jpg 1241w, https:\/\/almavista.si\/wp-content\/uploads\/2019\/02\/about-the-villa_layouts-plan_7-1-300x207.jpg 300w, https:\/\/almavista.si\/wp-content\/uploads\/2019\/02\/about-the-villa_layouts-plan_7-1-768x530.jpg 768w, https:\/\/almavista.si\/wp-content\/uploads\/2019\/02\/about-the-villa_layouts-plan_7-1-1024x707.jpg 1024w\" sizes=\"auto, (max-width: 1241px) 100vw, 1241px\" \/><\/li>\n                                    <li class=\"mkdf-impp-item\"><img loading=\"lazy\" decoding=\"async\" width=\"1241\" height=\"857\" src=\"https:\/\/almavista.si\/wp-content\/uploads\/2019\/02\/about-the-villa_layouts-plan_13.jpg\" class=\"attachment-full size-full\" alt=\"about-the-villa_layouts-plan_13\" srcset=\"https:\/\/almavista.si\/wp-content\/uploads\/2019\/02\/about-the-villa_layouts-plan_13.jpg 1241w, https:\/\/almavista.si\/wp-content\/uploads\/2019\/02\/about-the-villa_layouts-plan_13-300x207.jpg 300w, https:\/\/almavista.si\/wp-content\/uploads\/2019\/02\/about-the-villa_layouts-plan_13-768x530.jpg 768w, https:\/\/almavista.si\/wp-content\/uploads\/2019\/02\/about-the-villa_layouts-plan_13-1024x707.jpg 1024w\" sizes=\"auto, (max-width: 1241px) 100vw, 1241px\" \/><\/li>\n                                    <li class=\"mkdf-impp-item\"><img loading=\"lazy\" decoding=\"async\" width=\"1241\" height=\"857\" src=\"https:\/\/almavista.si\/wp-content\/uploads\/2019\/02\/about-the-villa_layouts-plan_10.jpg\" class=\"attachment-full size-full\" alt=\"about-the-villa_layouts-plan_10\" srcset=\"https:\/\/almavista.si\/wp-content\/uploads\/2019\/02\/about-the-villa_layouts-plan_10.jpg 1241w, https:\/\/almavista.si\/wp-content\/uploads\/2019\/02\/about-the-villa_layouts-plan_10-300x207.jpg 300w, https:\/\/almavista.si\/wp-content\/uploads\/2019\/02\/about-the-villa_layouts-plan_10-768x530.jpg 768w, https:\/\/almavista.si\/wp-content\/uploads\/2019\/02\/about-the-villa_layouts-plan_10-1024x707.jpg 1024w\" sizes=\"auto, (max-width: 1241px) 100vw, 1241px\" \/><\/li>\n                                    <li class=\"mkdf-impp-item\"><img loading=\"lazy\" decoding=\"async\" width=\"550\" height=\"380\" src=\"https:\/\/almavista.si\/wp-content\/uploads\/2022\/11\/o-vili-slider-1stfloorgallery-zgornja-spalnica-lezeca.jpg\" class=\"attachment-full size-full\" alt=\"o-vili-slider-1stfloorgallery-zgornja-spalnica-lezeca\" srcset=\"https:\/\/almavista.si\/wp-content\/uploads\/2022\/11\/o-vili-slider-1stfloorgallery-zgornja-spalnica-lezeca.jpg 550w, https:\/\/almavista.si\/wp-content\/uploads\/2022\/11\/o-vili-slider-1stfloorgallery-zgornja-spalnica-lezeca-300x207.jpg 300w\" sizes=\"auto, (max-width: 550px) 100vw, 550px\" \/><\/li>\n                                    <li class=\"mkdf-impp-item\"><img loading=\"lazy\" decoding=\"async\" width=\"1241\" height=\"857\" src=\"https:\/\/almavista.si\/wp-content\/uploads\/2019\/02\/about-the-villa_layouts-plan_11.jpg\" class=\"attachment-full size-full\" alt=\"about-the-villa_layouts-plan_11\" srcset=\"https:\/\/almavista.si\/wp-content\/uploads\/2019\/02\/about-the-villa_layouts-plan_11.jpg 1241w, https:\/\/almavista.si\/wp-content\/uploads\/2019\/02\/about-the-villa_layouts-plan_11-300x207.jpg 300w, https:\/\/almavista.si\/wp-content\/uploads\/2019\/02\/about-the-villa_layouts-plan_11-768x530.jpg 768w, https:\/\/almavista.si\/wp-content\/uploads\/2019\/02\/about-the-villa_layouts-plan_11-1024x707.jpg 1024w\" sizes=\"auto, (max-width: 1241px) 100vw, 1241px\" \/><\/li>\n                                    <li class=\"mkdf-impp-item\"><img loading=\"lazy\" decoding=\"async\" width=\"550\" height=\"380\" src=\"https:\/\/almavista.si\/wp-content\/uploads\/2022\/11\/o-vili-slider-postelja-lezeca.jpg\" class=\"attachment-full size-full\" alt=\"o-vili-slider-postelja-lezeca\" srcset=\"https:\/\/almavista.si\/wp-content\/uploads\/2022\/11\/o-vili-slider-postelja-lezeca.jpg 550w, https:\/\/almavista.si\/wp-content\/uploads\/2022\/11\/o-vili-slider-postelja-lezeca-300x207.jpg 300w\" sizes=\"auto, (max-width: 550px) 100vw, 550px\" \/><\/li>\n                            <\/ul>\n        <\/div>\n                    <div class=\"mkdf-img-section mkdf-img-video-inner\">\n                <div class=\"mkdf-video-button-holder \">\n\t<div class=\"mkdf-video-button-image\">\n\t\t<img loading=\"lazy\" decoding=\"async\" width=\"3600\" height=\"2400\" src=\"https:\/\/almavista.si\/wp-content\/uploads\/2018\/12\/Alma-Vista-4857-59-MM.jpg\" class=\"attachment-full size-full\" alt=\"\" srcset=\"https:\/\/almavista.si\/wp-content\/uploads\/2018\/12\/Alma-Vista-4857-59-MM.jpg 3600w, https:\/\/almavista.si\/wp-content\/uploads\/2018\/12\/Alma-Vista-4857-59-MM-300x200.jpg 300w, https:\/\/almavista.si\/wp-content\/uploads\/2018\/12\/Alma-Vista-4857-59-MM-768x512.jpg 768w, https:\/\/almavista.si\/wp-content\/uploads\/2018\/12\/Alma-Vista-4857-59-MM-1024x683.jpg 1024w, https:\/\/almavista.si\/wp-content\/uploads\/2018\/12\/Alma-Vista-4857-59-MM-600x400.jpg 600w\" sizes=\"auto, (max-width: 3600px) 100vw, 3600px\" \/>\t<\/div>\n\t\t\t<div class=\"mkdf-video-button-play-holder\">\n\t\t\t<a class=\"mkdf-video-button-play-link\"  href=\"https:\/\/www.youtube.com\/watch?v=mIJ-_aHh6Iw&#038;fbclid=IwAR0wvPuSQglXH9q_N5Y5Concp35sdKRg6TW01h5VIcCWkKKPzeNshgaJs2U\" target=\"_self\" data-rel=\"prettyPhoto[video_button_pretty_photo_76]\"><\/a>\n\t\t\t<div class=\"mkdf-video-button-play-table\">\n\t\t\t\t<div class=\"mkdf-video-button-play-table-cell\">\n\t\t\t\t\t<span class=\"mkdf-video-button-play\">\n\t\t\t\t\t\t<span class=\"mkdf-video-icon-play dripicons-media-play\"><\/span>\n\t\t\t\t\t<\/span>\n\t\t\t\t<\/div>\n\t\t\t<\/div>\n\t\t<\/div>\n\t<\/div>            <\/div>\n                            <div class=\"mkdf-img-section mkdf-img-360-video-inner\">\n                <div class=\"mkdf-video-button-holder \">\n\t<div class=\"mkdf-video-button-image\">\n\t\t<img loading=\"lazy\" decoding=\"async\" width=\"3600\" height=\"2490\" src=\"https:\/\/almavista.si\/wp-content\/uploads\/2017\/11\/Alma-Vista-3412-MM.jpg\" class=\"attachment-full size-full\" alt=\"\" srcset=\"https:\/\/almavista.si\/wp-content\/uploads\/2017\/11\/Alma-Vista-3412-MM.jpg 3600w, https:\/\/almavista.si\/wp-content\/uploads\/2017\/11\/Alma-Vista-3412-MM-300x208.jpg 300w, https:\/\/almavista.si\/wp-content\/uploads\/2017\/11\/Alma-Vista-3412-MM-768x531.jpg 768w, https:\/\/almavista.si\/wp-content\/uploads\/2017\/11\/Alma-Vista-3412-MM-1024x708.jpg 1024w, https:\/\/almavista.si\/wp-content\/uploads\/2017\/11\/Alma-Vista-3412-MM-600x415.jpg 600w\" sizes=\"auto, (max-width: 3600px) 100vw, 3600px\" \/>\t<\/div>\n\t\t\t<div class=\"mkdf-video-button-play-holder\">\n\t\t\t<a class=\"mkdf-video-button-play-link\"  href=\"https:\/\/www.youtube.com\/watch?v=mIJ-_aHh6Iw&#038;fbclid=IwAR0wvPuSQglXH9q_N5Y5Concp35sdKRg6TW01h5VIcCWkKKPzeNshgaJs2U\" target=\"_self\" data-rel=\"prettyPhoto[video_button_pretty_photo_314]\"><\/a>\n\t\t\t<div class=\"mkdf-video-button-play-table\">\n\t\t\t\t<div class=\"mkdf-video-button-play-table-cell\">\n\t\t\t\t\t<span class=\"mkdf-video-button-play\">\n\t\t\t\t\t\t<span class=\"mkdf-video-icon-play dripicons-media-play\"><\/span>\n\t\t\t\t\t<\/span>\n\t\t\t\t<\/div>\n\t\t\t<\/div>\n\t\t<\/div>\n\t<\/div>            <\/div>\n            <\/div>\n    <div class=\"mkdf-map-holder mkdf-grid-col-4\">\n                    <ul class=\"mkdf-map-navigation\">\n                <li class=\"mkdf-map-nav-item mkdf-active-map active\">\n                    <span class=\"mkdf-map-nav-item-icon dripicons-photo\"><\/span>\n                    <span class=\"mkdf-map-nav-item-text\">Fotografije<\/span>\n                <\/li>\n                                    <li class=\"mkdf-map-nav-item mkdf-inactive-map\">\n                        <span class=\"mkdf-map-nav-item-icon dripicons-camcorder\"><\/span>\n                        <span class=\"mkdf-map-nav-item-text\">Video<\/span>\n                    <\/li>\n                                                    <li class=\"mkdf-map-nav-item mkdf-inactive-map\">\n                        <span class=\"mkdf-map-nav-item-icon dripicons-clockwise\"><\/span>\n                        <span class=\"mkdf-map-nav-item-text\">360 Video<\/span>\n                    <\/li>\n                            <\/ul>\n                <div class=\"mkdf-image-map-holder\">\n                        <div class=\"mkdf-image-map-holder-overlay\"><\/div>\n        <\/div>\n    <\/div>\n<\/div>\n[\/vc_column][vc_column][vc_raw_html css=&#8221;&#8221;]JTNDc2NyaXB0JTNFJTBBJTJGJTJBJTBBZG9jdW1lbnQucXVlcnlTZWxlY3RvciUyOCUyMi5ta2RmLWltZy0zNjAtdmlkZW8taW5uZXIlMjIlMjklM0YucmVtb3ZlJTI4JTI5JTNCJTIwJTBBZG9jdW1lbnQucXVlcnlTZWxlY3RvciUyOCUyMnVsLm1rZGYtbWFwLW5hdmlnYXRpb24lMjBsaS5ta2RmLW1hcC1uYXYtaXRlbSUzQW50aC1jaGlsZCUyODMlMjklMjIlMjklM0YucmVtb3ZlJTI4JTI5JTNCJTIwJTBBJTJBJTJGJTBBJTNDJTJGc2NyaXB0JTNF[\/vc_raw_html][\/vc_column][\/vc_row][vc_row row_content_width=&#8221;grid&#8221; content_text_aligment=&#8221;center&#8221;][vc_column css=&#8221;.vc_custom_1544621933331{background-color: #ffffff !important;}&#8221;]<div class=\"mkdf-elements-holder   mkdf-one-column  mkdf-responsive-mode-768 mkdf-one-column-alignment-center\" ><div class=\"mkdf-eh-item p-d-boxed-mobile-0  mkdf-horizontal-alignment-center \"  data-item-class=\"mkdf-eh-custom-1797\" data-1280-1600=\"50px 17% 0\" data-1024-1280=\"50px 12% 0\" data-768-1024=\"50px 0% 0\" data-680-768=\"50px 0% 0\">\n\t<div class=\"mkdf-eh-item-inner\">\n\t\t<div class=\"mkdf-eh-item-content mkdf-eh-custom-1797\" >\n\t\t\t[vc_empty_space height=&#8221;10px&#8221;]<div class=\"mkdf-section-title-holder  mkdf-st-standard mkdf-st-title-left mkdf-st-normal-space \" style=\"text-align: center\">\n\t<div class=\"mkdf-st-inner\">\n                    <h6 class=\"mkdf-st-subtitle\" >\n                IZJAVE            <\/h6>\n        \t\t\t\t\t<h1 class=\"mkdf-st-title\" >\n\t\t\t\tNa\u0161i gostje o nas\t\t\t<\/h1>\n\t\t        <div class=\"mkdf-svg-separator-holder mkdf-svg-separator-small\">\n    <div class=\"mkdf-svg-separator mkdf-svg-frames-class\" data-svg-frames=\"15\" data-svg-drawing=\"yes\" >\n        <svg version=\"1.1\" style=\"stroke: #00aba0\" id=\"layer_91\" xmlns=\"http:\/\/www.w3.org\/2000\/svg\" xmlns:xlink=\"http:\/\/www.w3.org\/1999\/xlink\" x=\"0px\" y=\"0px\"\n             width=\"65.167px\" height=\"11.917px\" viewBox=\"0 0 65.167 11.917\" enable-background=\"new 0 0 65.167 11.917\" xml:space=\"preserve\">\n            <path fill=\"none\" stroke=\"#010101\" stroke-width=\"1\" stroke-miterlimit=\"3\" d=\"M1.045,9.833 9.295,2.083 17.295,9.833\n            24.295,2.083 32.291,9.833 39.294,2.083 47.294,9.833 54.294,2.083 64.287,9.833 \"\/>\n        <\/svg>\n    <\/div>\n<\/div>\t\t\t<\/div>\n<\/div>[vc_empty_space height=&#8221;12px&#8221;]<div class=\"mkdf-testimonials-holder mkdf-testimonials-standard  mkdf-navigation-top mkdf-tb-two-columns clearfix\"><div class=\"mkdf-testimonials\" data-number-of-items=\"1\" data-enable-loop=\"yes\" data-type=\"standard\" data-enable-autoplay=\"no\" data-slider-speed=\"5000\" data-slider-speed-animation=\"600\" data-enable-navigation=\"yes\" data-enable-pagination=\"no\"><div class=\"mkdf-testimonial-content\" id=\"mkdf-testimonials-5343\">\n\t<div class=\"mkdf-testimonial-text-holder\">\n                    <div class=\"mkdf-testimonial-image\">\n                <img loading=\"lazy\" decoding=\"async\" width=\"66\" height=\"66\" src=\"https:\/\/almavista.si\/wp-content\/uploads\/2017\/11\/15094931_10154741080846100_4956395673733536367_n-150x150.jpg\" class=\"attachment-66x66 size-66x66 wp-post-image\" alt=\"\" srcset=\"https:\/\/almavista.si\/wp-content\/uploads\/2017\/11\/15094931_10154741080846100_4956395673733536367_n-150x150.jpg 150w, https:\/\/almavista.si\/wp-content\/uploads\/2017\/11\/15094931_10154741080846100_4956395673733536367_n-300x300.jpg 300w, https:\/\/almavista.si\/wp-content\/uploads\/2017\/11\/15094931_10154741080846100_4956395673733536367_n-768x768.jpg 768w, https:\/\/almavista.si\/wp-content\/uploads\/2017\/11\/15094931_10154741080846100_4956395673733536367_n-550x550.jpg 550w, https:\/\/almavista.si\/wp-content\/uploads\/2017\/11\/15094931_10154741080846100_4956395673733536367_n.jpg 960w\" sizes=\"auto, (max-width: 66px) 100vw, 66px\" \/>            <\/div>\n        \t\t\t\t\t<p class=\"mkdf-testimonial-text\">&quot;Moje gnezdo.&quot;<\/p>\n\t\t\t\t\t\t\t<h5 class=\"mkdf-testimonial-author\">\n\t\t\t\t<span class=\"mkdf-testimonials-author-name\">Tomi Vugrinec<\/span>\n\t\t\t\t\t\t\t<\/h5>\n\t\t\t<\/div>\n<\/div><div class=\"mkdf-testimonial-content\" id=\"mkdf-testimonials-5342\">\n\t<div class=\"mkdf-testimonial-text-holder\">\n                    <div class=\"mkdf-testimonial-image\">\n                <img loading=\"lazy\" decoding=\"async\" width=\"66\" height=\"66\" src=\"https:\/\/almavista.si\/wp-content\/uploads\/2017\/12\/25487543_10155398939453893_8201103474186976660_o-150x150.jpg\" class=\"attachment-66x66 size-66x66 wp-post-image\" alt=\"\" srcset=\"https:\/\/almavista.si\/wp-content\/uploads\/2017\/12\/25487543_10155398939453893_8201103474186976660_o-150x150.jpg 150w, https:\/\/almavista.si\/wp-content\/uploads\/2017\/12\/25487543_10155398939453893_8201103474186976660_o-550x550.jpg 550w, https:\/\/almavista.si\/wp-content\/uploads\/2017\/12\/25487543_10155398939453893_8201103474186976660_o-1100x1100.jpg 1100w\" sizes=\"auto, (max-width: 66px) 100vw, 66px\" \/>            <\/div>\n        \t\t\t\t\t<p class=\"mkdf-testimonial-text\">\u201cPo obisku Alme Viste se spet po\u010dutim kot jaz sama.\u201d<\/p>\n\t\t\t\t\t\t\t<h5 class=\"mkdf-testimonial-author\">\n\t\t\t\t<span class=\"mkdf-testimonials-author-name\">Petra Greiner<\/span>\n\t\t\t\t\t\t\t<\/h5>\n\t\t\t<\/div>\n<\/div><div class=\"mkdf-testimonial-content\" id=\"mkdf-testimonials-5341\">\n\t<div class=\"mkdf-testimonial-text-holder\">\n                    <div class=\"mkdf-testimonial-image\">\n                <img loading=\"lazy\" decoding=\"async\" width=\"66\" height=\"66\" src=\"https:\/\/almavista.si\/wp-content\/uploads\/2017\/12\/33892842_800833940122186_5936485482790649856_n-150x150.jpg\" class=\"attachment-66x66 size-66x66 wp-post-image\" alt=\"\" srcset=\"https:\/\/almavista.si\/wp-content\/uploads\/2017\/12\/33892842_800833940122186_5936485482790649856_n-150x150.jpg 150w, https:\/\/almavista.si\/wp-content\/uploads\/2017\/12\/33892842_800833940122186_5936485482790649856_n-300x300.jpg 300w, https:\/\/almavista.si\/wp-content\/uploads\/2017\/12\/33892842_800833940122186_5936485482790649856_n.jpg 480w\" sizes=\"auto, (max-width: 66px) 100vw, 66px\" \/>            <\/div>\n        \t\t\t\t\t<p class=\"mkdf-testimonial-text\">&quot;Ko sem prvi\u010d obiskala Alma Visto, si je nikoli nisem \u017eelela zapustiti. Popolna za vikend pobeg, miren hedonisti\u010den teden ali celoten dopust. Kadarkoli va\u0161e srce, du\u0161a in telo potrebujejo oddih. Kadarkoli ste v Brdih, je to obvezna postojanka.&quot;<\/p>\n\t\t\t\t\t\t\t<h5 class=\"mkdf-testimonial-author\">\n\t\t\t\t<span class=\"mkdf-testimonials-author-name\">Anja Bohinc Bojetu<\/span>\n\t\t\t\t\t\t\t<\/h5>\n\t\t\t<\/div>\n<\/div><div class=\"mkdf-testimonial-content\" id=\"mkdf-testimonials-5344\">\n\t<div class=\"mkdf-testimonial-text-holder\">\n                    <div class=\"mkdf-testimonial-image\">\n                <img loading=\"lazy\" decoding=\"async\" width=\"66\" height=\"66\" src=\"https:\/\/almavista.si\/wp-content\/uploads\/2017\/12\/48372889_10218150966424092_7014600756024049664_n-150x150.jpg\" class=\"attachment-66x66 size-66x66 wp-post-image\" alt=\"\" srcset=\"https:\/\/almavista.si\/wp-content\/uploads\/2017\/12\/48372889_10218150966424092_7014600756024049664_n-150x150.jpg 150w, https:\/\/almavista.si\/wp-content\/uploads\/2017\/12\/48372889_10218150966424092_7014600756024049664_n-300x300.jpg 300w, https:\/\/almavista.si\/wp-content\/uploads\/2017\/12\/48372889_10218150966424092_7014600756024049664_n.jpg 320w\" sizes=\"auto, (max-width: 66px) 100vw, 66px\" \/>            <\/div>\n        \t\t\t\t\t<p class=\"mkdf-testimonial-text\">&quot;Vedno se z veseljem vra\u010dam k domi\u0161ljiji Brd.&quot;<\/p>\n\t\t\t\t\t\t\t<h5 class=\"mkdf-testimonial-author\">\n\t\t\t\t<span class=\"mkdf-testimonials-author-name\">Mitja Bokun<\/span>\n\t\t\t\t\t\t\t<\/h5>\n\t\t\t<\/div>\n<\/div><div class=\"mkdf-testimonial-content\" id=\"mkdf-testimonials-5339\">\n\t<div class=\"mkdf-testimonial-text-holder\">\n                    <div class=\"mkdf-testimonial-image\">\n                <img loading=\"lazy\" decoding=\"async\" width=\"66\" height=\"66\" src=\"https:\/\/almavista.si\/wp-content\/uploads\/2017\/12\/21766679_10215061197350324_4165244335698471408_n-150x150.jpg\" class=\"attachment-66x66 size-66x66 wp-post-image\" alt=\"nina levi\u010dnik\" srcset=\"https:\/\/almavista.si\/wp-content\/uploads\/2017\/12\/21766679_10215061197350324_4165244335698471408_n-150x150.jpg 150w, https:\/\/almavista.si\/wp-content\/uploads\/2017\/12\/21766679_10215061197350324_4165244335698471408_n-300x300.jpg 300w, https:\/\/almavista.si\/wp-content\/uploads\/2017\/12\/21766679_10215061197350324_4165244335698471408_n.jpg 320w\" sizes=\"auto, (max-width: 66px) 100vw, 66px\" \/>            <\/div>\n        \t\t\t\t\t<p class=\"mkdf-testimonial-text\">&quot;Ko ni ni\u010desar za dodati in ni\u010desar za vzeti in je vse to\u010dno tako, kot mora biti, takrat ve\u0161, da \u017eivljenje ho\u010de, da u\u017eiva\u0161 v tistem popolnem trenutku. In Alma Vista udejanja ta popolni trenutek.&quot;<\/p>\n\t\t\t\t\t\t\t<h5 class=\"mkdf-testimonial-author\">\n\t\t\t\t<span class=\"mkdf-testimonials-author-name\">Nina Levi\u010dnik<\/span>\n\t\t\t\t\t\t\t<\/h5>\n\t\t\t<\/div>\n<\/div><div class=\"mkdf-testimonial-content\" id=\"mkdf-testimonials-5338\">\n\t<div class=\"mkdf-testimonial-text-holder\">\n                    <div class=\"mkdf-testimonial-image\">\n                <img loading=\"lazy\" decoding=\"async\" width=\"66\" height=\"66\" src=\"https:\/\/almavista.si\/wp-content\/uploads\/2017\/12\/11695034_10206255427977001_5480589149678582003_n-150x150.jpg\" class=\"attachment-66x66 size-66x66 wp-post-image\" alt=\"\" srcset=\"https:\/\/almavista.si\/wp-content\/uploads\/2017\/12\/11695034_10206255427977001_5480589149678582003_n-150x150.jpg 150w, https:\/\/almavista.si\/wp-content\/uploads\/2017\/12\/11695034_10206255427977001_5480589149678582003_n-300x300.jpg 300w, https:\/\/almavista.si\/wp-content\/uploads\/2017\/12\/11695034_10206255427977001_5480589149678582003_n.jpg 320w\" sizes=\"auto, (max-width: 66px) 100vw, 66px\" \/>            <\/div>\n        \t\t\t\t\t<p class=\"mkdf-testimonial-text\">\u201cUnikaten prostor, kjer lahko podo\u017eivite svoje najlep\u0161e sanje. Sanje o veselju do \u017eivljenja, arhitekturnih detajlih, sanje o bivanju v popolnem stanju miru. Alma Vista je kraj, ki razvaja va\u0161e misli, duha in okus.<\/p>\n\t\t\t\t\t\t\t<h5 class=\"mkdf-testimonial-author\">\n\t\t\t\t<span class=\"mkdf-testimonials-author-name\">Nata\u0161a Kova\u010di\u010d<\/span>\n\t\t\t\t\t\t\t<\/h5>\n\t\t\t<\/div>\n<\/div><\/div><\/div>[vc_empty_space][vc_raw_js]JTNDc2NyaXB0JTNFJTBBJTIwJTIwJTIwJTIwJTJGJTJBJTBBJTIwJTIwJTIwJTIwJTIwJTIwJTIwJTIwT3dsJTIwQ2Fyb3VzZWwlMkMlMjB3aGljaCUyMHBvd2VycyUyMG91ciUyMHRlc3RpbW9uaWFscyUyMHNsaWRlciUyQyUyMGlzJTIwZGVwcmVjYXRlZC4lMEElMjAlMjAlMjAlMjAlMjAlMjAlMjAlMjBUaGVyZSUyMGFyZSUyMHdlaXJkJTIwYnVncyUyMHdoZXJlJTIwdGhlJTIwd3JhcHBpbmclMjBvd2wlMjBlbGVtZW50JTIwaXMlMjB0b28lMjBoaWdoLiUwQSUyMCUyMCUyMCUyMCUyMCUyMCUyMCUyME9uJTIwQ2hyb21lJTJDJTIwdGVzdGltb25pYWwlMjBpbWFnZXMlMjBhcmUlMjB0b28lMjBsYXJnZS4lMjAlMEElMjAlMjAlMjAlMjAlMjAlMjAlMjAlMjBUaGlzJTIwY29kZSUyMGxvb3BzJTIwb3ZlciUyMGFsbCUyMHRlc3RpbW9uaWFsJTIwaW1hZ2VzJTIwYW5kJTIwbWFrZXMlMjB0aGVtJTIwc21hbGxlci4lMEElMjAlMjAlMjAlMjAlMkElMkYlMEElMjAlMjAlMjAlMjBjb25zdCUyMGRlc2lyZWRUZXN0aW1vbmlhbEltYWdlU2l6ZSUyMCUzRCUyMCUyMjEwMHB4JTIyJTNCJTBBJTIwJTIwJTIwJTIwZG9jdW1lbnQucXVlcnlTZWxlY3RvckFsbCUyOCUyMi5ta2RmLXRlc3RpbW9uaWFsLWltYWdlJTIwaW1nJTIyJTI5LmZvckVhY2glMjhlbGVtZW50JTIwJTNEJTNFJTIwJTdCJTBBJTIwJTIwJTIwJTIwJTIwJTIwJTIwJTIwZWxlbWVudC5zdHlsZS53aWR0aCUyMCUzRCUyMGRlc2lyZWRUZXN0aW1vbmlhbEltYWdlU2l6ZSUzQiUwQSUyMCUyMCUyMCUyMCUyMCUyMCUyMCUyMGVsZW1lbnQuc3R5bGUuaGVpZ2h0JTIwJTNEJTIwZGVzaXJlZFRlc3RpbW9uaWFsSW1hZ2VTaXplJTNCJTBBJTIwJTIwJTIwJTIwJTdEJTI5JTNCJTBBJTNDJTJGc2NyaXB0JTNF[\/vc_raw_js]\t\t<\/div>\n\t<\/div>\n<\/div><\/div>[\/vc_column][\/vc_row][vc_row row_content_width=&#8221;grid&#8221;][vc_column][vc_empty_space height=&#8221;150px&#8221; el_class=&#8221;hidden-on-mobile&#8221;][vc_empty_space height=&#8221;100px&#8221; el_class=&#8221;hidden-on-desktop&#8221;][\/vc_column][\/vc_row][vc_row row_content_width=&#8221;grid&#8221; content_text_aligment=&#8221;center&#8221;][vc_column width=&#8221;1\/2&#8243;]<div class=\"mkdf-elements-holder   mkdf-two-columns  mkdf-responsive-mode-768 mkdf-one-column-alignment-center\" ><div class=\"mkdf-eh-item p-d-17-mobile-0  mkdf-horizontal-alignment-center \"  data-item-class=\"mkdf-eh-custom-1837\">\n\t<div class=\"mkdf-eh-item-inner\">\n\t\t<div class=\"mkdf-eh-item-content mkdf-eh-custom-1837\" >\n\t\t\t<div class=\"mkdf-section-title-holder  mkdf-st-standard mkdf-st-title-left mkdf-st-normal-space \" style=\"text-align: center\">\n\t<div class=\"mkdf-st-inner\">\n                    <h6 class=\"mkdf-st-subtitle\" >\n                OKOLICA            <\/h6>\n        \t\t\t\t\t<h1 class=\"mkdf-st-title\" >\n\t\t\t\tGori\u0161ka Brda\t\t\t<\/h1>\n\t\t        <div class=\"mkdf-svg-separator-holder mkdf-svg-separator-small\">\n    <div class=\"mkdf-svg-separator mkdf-svg-frames-class\" data-svg-frames=\"15\" data-svg-drawing=\"yes\" >\n        <svg version=\"1.1\"  id=\"layer_154\" xmlns=\"http:\/\/www.w3.org\/2000\/svg\" xmlns:xlink=\"http:\/\/www.w3.org\/1999\/xlink\" x=\"0px\" y=\"0px\"\n             width=\"65.167px\" height=\"11.917px\" viewBox=\"0 0 65.167 11.917\" enable-background=\"new 0 0 65.167 11.917\" xml:space=\"preserve\">\n            <path fill=\"none\" stroke=\"#010101\" stroke-width=\"1\" stroke-miterlimit=\"3\" d=\"M1.045,9.833 9.295,2.083 17.295,9.833\n            24.295,2.083 32.291,9.833 39.294,2.083 47.294,9.833 54.294,2.083 64.287,9.833 \"\/>\n        <\/svg>\n    <\/div>\n<\/div>\t\t\t<\/div>\n<\/div>[vc_empty_space height=&#8221;12px&#8221;][vc_column_text]<\/p>\n<p>Gori\u0161ka brda slovijo po \u010dudoviti naravi, odli\u010dnih jedeh, vabljivih vinskih izku\u0161njah in nepozabnih trenutkih dru\u017eenja. Prav zato se ljudje po vsem svetu z veseljem vra\u010dajo in podo\u017eivljajo Brda v vsem sijaju, ki ga ta ponujajo.<\/p>\n<p>[\/vc_column_text][vc_empty_space]<a itemprop=\"url\" href=\"\/sl\/okolica\/\" target=\"_self\"  class=\"mkdf-btn mkdf-btn-medium mkdf-btn-simple mkdf-btn-icon\"  >\n    <span class=\"mkdf-btn-text\">Razi\u0161\u010dite okolico<\/span>\n    <span aria-hidden=\"true\" class=\"mkdf-icon-font-elegant arrow_carrot-2right \" ><\/span><\/a>[vc_empty_space]\t\t<\/div>\n\t<\/div>\n<\/div><\/div>[\/vc_column][vc_column width=&#8221;1\/2&#8243;][vc_gmaps link=&#8221;#E-8_JTNDaWZyYW1lJTIwc3JjJTNEJTIyaHR0cHMlM0ElMkYlMkZ3d3cuZ29vZ2xlLmNvbSUyRm1hcHMlMkZlbWJlZCUzRnBiJTNEJTIxMW0xNCUyMTFtOCUyMTFtMyUyMTFkMTEwOTEuNjUwMzI3NDMzNDU1JTIxMmQxMy41MzUwNDI3JTIxM2Q0NS45NzMwMDU1JTIxM20yJTIxMWkxMDI0JTIxMmk3NjglMjE0ZjEzLjElMjEzbTMlMjExbTIlMjExczB4MCUyNTNBMHhmMTIyMjAxNmI1NjYzNzYxJTIxMnNBbG1hJTJCVmlzdGElMjE1ZTAlMjEzbTIlMjExc3NsJTIxMnNzaSUyMTR2MTU0NDE3Njc2NTA5MSUyMiUyMHdpZHRoJTNEJTIyNjAwJTIyJTIwaGVpZ2h0JTNEJTIyNDUwJTIyJTIwZnJhbWVib3JkZXIlM0QlMjIwJTIyJTIwc3R5bGUlM0QlMjJib3JkZXIlM0EwJTIyJTIwYWxsb3dmdWxsc2NyZWVuJTNFJTNDJTJGaWZyYW1lJTNF&#8221; css_animation=&#8221;fadeIn&#8221;][vc_empty_space height=&#8221;150px&#8221; el_class=&#8221;hidden-on-mobile&#8221;][vc_empty_space height=&#8221;100px&#8221; el_class=&#8221;hidden-on-desktop&#8221;][\/vc_column][\/vc_row][vc_row row_content_width=&#8221;grid&#8221; content_text_aligment=&#8221;center&#8221;][vc_column]<div class=\"mkdf-image-gallery  mkdf-ig-slider-type mkdf-medium-space  \">\n\t<div class=\"mkdf-ig-slider mkdf-owl-slider\" data-number-of-items=\"1\" data-enable-loop=\"yes\" data-enable-autoplay=\"no\" data-slider-speed=\"5000\" data-slider-speed-animation=\"600\" data-slider-padding=\"yes\" data-enable-navigation=\"yes\" data-enable-pagination=\"yes\">\n\t\t\t\t\t<div class=\"mkdf-ig-image\">\n\t\t\t\t\t\t\t\t\t<img loading=\"lazy\" decoding=\"async\" src=\"https:\/\/almavista.si\/wp-content\/uploads\/2022\/11\/o-vili-spodnji-slider-lezeca-650x433.jpg\" alt=\"\" width=\"650\" height=\"433\" \/>\t\t\t\t\t\t\t<\/div>\n\t\t\t\t\t<div class=\"mkdf-ig-image\">\n\t\t\t\t\t\t\t\t\t<img loading=\"lazy\" decoding=\"async\" src=\"https:\/\/almavista.si\/wp-content\/uploads\/2022\/11\/o-vili-spodnji-slider2-lezeca-650x433.jpg\" alt=\"\" width=\"650\" height=\"433\" \/>\t\t\t\t\t\t\t<\/div>\n\t\t\t\t\t<div class=\"mkdf-ig-image\">\n\t\t\t\t\t\t\t\t\t<img loading=\"lazy\" decoding=\"async\" src=\"https:\/\/almavista.si\/wp-content\/uploads\/2018\/12\/462377_337730262936027_959298664_o-650x433.jpg\" alt=\"\" width=\"650\" height=\"433\" \/>\t\t\t\t\t\t\t<\/div>\n\t\t\t\t\t<div class=\"mkdf-ig-image\">\n\t\t\t\t\t\t\t\t\t<img loading=\"lazy\" decoding=\"async\" src=\"https:\/\/almavista.si\/wp-content\/uploads\/2022\/11\/o-vili-slider-spodaj-terasa2-lezeca-650x433.jpg\" alt=\"\" width=\"650\" height=\"433\" \/>\t\t\t\t\t\t\t<\/div>\n\t\t\t\t\t<div class=\"mkdf-ig-image\">\n\t\t\t\t\t\t\t\t\t<img loading=\"lazy\" decoding=\"async\" src=\"https:\/\/almavista.si\/wp-content\/uploads\/2022\/11\/o-vili-slider-kuhinja-lezeca-1-650x433.jpg\" alt=\"\" width=\"650\" height=\"433\" \/>\t\t\t\t\t\t\t<\/div>\n\t\t\t\t\t<div class=\"mkdf-ig-image\">\n\t\t\t\t\t\t\t\t\t<img loading=\"lazy\" decoding=\"async\" src=\"https:\/\/almavista.si\/wp-content\/uploads\/2022\/11\/o-vili-slider-spodaj-living-room-lezeca-650x433.jpg\" alt=\"\" width=\"650\" height=\"433\" \/>\t\t\t\t\t\t\t<\/div>\n\t\t\t\t\t<div class=\"mkdf-ig-image\">\n\t\t\t\t\t\t\t\t\t<img loading=\"lazy\" decoding=\"async\" src=\"https:\/\/almavista.si\/wp-content\/uploads\/2019\/02\/about-the-villa_Goriska_Brda_1-650x433.jpg\" alt=\"about-the-villa_Goriska_Brda_1\" width=\"650\" height=\"433\" \/>\t\t\t\t\t\t\t<\/div>\n\t\t\t\t\t<div class=\"mkdf-ig-image\">\n\t\t\t\t\t\t\t\t\t<img loading=\"lazy\" decoding=\"async\" src=\"https:\/\/almavista.si\/wp-content\/uploads\/2018\/12\/AV-vila-15_web-650x433.jpg\" alt=\"\" width=\"650\" height=\"433\" \/>\t\t\t\t\t\t\t<\/div>\n\t\t\t\t\t<div class=\"mkdf-ig-image\">\n\t\t\t\t\t\t\t\t\t<img loading=\"lazy\" decoding=\"async\" src=\"https:\/\/almavista.si\/wp-content\/uploads\/2018\/12\/AV-vila-16_web-650x433.jpg\" alt=\"\" width=\"650\" height=\"433\" \/>\t\t\t\t\t\t\t<\/div>\n\t\t\t\t\t<div class=\"mkdf-ig-image\">\n\t\t\t\t\t\t\t\t\t<img loading=\"lazy\" decoding=\"async\" src=\"https:\/\/almavista.si\/wp-content\/uploads\/2018\/12\/AV-ambient-4_web-650x433.jpg\" alt=\"\" width=\"650\" height=\"433\" \/>\t\t\t\t\t\t\t<\/div>\n\t\t\t\t\t<div class=\"mkdf-ig-image\">\n\t\t\t\t\t\t\t\t\t<img loading=\"lazy\" decoding=\"async\" src=\"https:\/\/almavista.si\/wp-content\/uploads\/2022\/11\/o-vili-slider-spodaj-terasa-lezeca-650x433.jpg\" alt=\"\" width=\"650\" height=\"433\" \/>\t\t\t\t\t\t\t<\/div>\n\t\t\t<\/div>\n<\/div>[vc_empty_space height=&#8221;150px&#8221; el_class=&#8221;hidden-on-mobile&#8221;][vc_empty_space height=&#8221;100px&#8221; el_class=&#8221;hidden-on-desktop&#8221;][\/vc_column][\/vc_row][vc_row row_content_width=&#8221;grid&#8221; content_text_aligment=&#8221;center&#8221;][vc_column]<div class=\"mkdf-elements-holder   mkdf-one-column  mkdf-responsive-mode-768 mkdf-one-column-alignment-center\" ><div class=\"mkdf-eh-item p-d-17-mobile-0   \"  data-item-class=\"mkdf-eh-custom-9233\">\n\t<div class=\"mkdf-eh-item-inner\">\n\t\t<div class=\"mkdf-eh-item-content mkdf-eh-custom-9233\" >\n\t\t\t<div class=\"mkdf-section-title-holder  mkdf-st-standard mkdf-st-title-left mkdf-st-normal-space \" style=\"text-align: center\">\n\t<div class=\"mkdf-st-inner\">\n                    <h6 class=\"mkdf-st-subtitle\" >\n                CENIK &amp; KONTAKT            <\/h6>\n        \t\t\t\t\t<h1 class=\"mkdf-st-title\" >\n\t\t\t\tPripravljeni na popoln oddih?\t\t\t<\/h1>\n\t\t        <div class=\"mkdf-svg-separator-holder mkdf-svg-separator-small\">\n    <div class=\"mkdf-svg-separator mkdf-svg-frames-class\" data-svg-frames=\"15\" data-svg-drawing=\"yes\" >\n        <svg version=\"1.1\"  id=\"layer_767\" xmlns=\"http:\/\/www.w3.org\/2000\/svg\" xmlns:xlink=\"http:\/\/www.w3.org\/1999\/xlink\" x=\"0px\" y=\"0px\"\n             width=\"65.167px\" height=\"11.917px\" viewBox=\"0 0 65.167 11.917\" enable-background=\"new 0 0 65.167 11.917\" xml:space=\"preserve\">\n            <path fill=\"none\" stroke=\"#010101\" stroke-width=\"1\" stroke-miterlimit=\"3\" d=\"M1.045,9.833 9.295,2.083 17.295,9.833\n            24.295,2.083 32.291,9.833 39.294,2.083 47.294,9.833 54.294,2.083 64.287,9.833 \"\/>\n        <\/svg>\n    <\/div>\n<\/div>\t\t\t<\/div>\n<\/div>[vc_empty_space height=&#8221;12px&#8221;][vc_column_text]<\/p>\n<p>Rezervirajte svoje bivanje v vili Alma Vista sedaj in pri\u010dnite svojo pot do nepozabnih po\u010ditnic v srcu Gori\u0161kih Brd. Od samega za\u010detka boste v stiku z Martino, lastnico in upravnico vile Alma Vista.<\/p>\n<p>[\/vc_column_text][vc_empty_space]<a itemprop=\"url\" href=\"\/sl\/cenik-kontakt\/\" target=\"_self\"  class=\"mkdf-btn mkdf-btn-medium mkdf-btn-solid mkdf-btn-icon\"  >\n    <span class=\"mkdf-btn-text\">PREVERITE RAZPOLO\u017dLJIVOST<\/span>\n    <span aria-hidden=\"true\" class=\"mkdf-icon-font-elegant arrow_carrot-2right \" ><\/span><\/a>[vc_empty_space height=&#8221;150px&#8221;]\t\t<\/div>\n\t<\/div>\n<\/div><\/div>[\/vc_column][\/vc_row][vc_row row_content_width=&#8221;grid&#8221; content_text_aligment=&#8221;center&#8221;][vc_column width=&#8221;1\/2&#8243;]<div class=\"mkdf-single-image-holder   \">\n    <div class=\"mkdf-si-inner\" style=\"background-image: url(https:\/\/almavista.si\/wp-content\/uploads\/2018\/12\/459153_433686536673732_1592250647_o-1.jpg)\">\n                                    <img loading=\"lazy\" decoding=\"async\" width=\"749\" height=\"696\" src=\"https:\/\/almavista.si\/wp-content\/uploads\/2018\/12\/459153_433686536673732_1592250647_o-1.jpg\" class=\"attachment-full size-full\" alt=\"\" srcset=\"https:\/\/almavista.si\/wp-content\/uploads\/2018\/12\/459153_433686536673732_1592250647_o-1.jpg 749w, https:\/\/almavista.si\/wp-content\/uploads\/2018\/12\/459153_433686536673732_1592250647_o-1-300x279.jpg 300w\" sizes=\"auto, (max-width: 749px) 100vw, 749px\" \/>                        <\/div>\n<\/div>[vc_empty_space height=&#8221;50px&#8221;][vc_empty_space height=&#8221;100px&#8221; el_class=&#8221;hidden-on-mobile&#8221;][\/vc_column][vc_column width=&#8221;1\/2&#8243;]<div class=\"mkdf-elements-holder   mkdf-two-columns  mkdf-responsive-mode-768 mkdf-one-column-alignment-center\" ><div class=\"mkdf-eh-item p-d-17-mobile-0  mkdf-horizontal-alignment-center \"  data-item-class=\"mkdf-eh-custom-7568\">\n\t<div class=\"mkdf-eh-item-inner\">\n\t\t<div class=\"mkdf-eh-item-content mkdf-eh-custom-7568\" >\n\t\t\t<div class=\"mkdf-section-title-holder  mkdf-st-standard mkdf-st-title-left mkdf-st-normal-space \" style=\"text-align: center\">\n\t<div class=\"mkdf-st-inner\">\n                    <h6 class=\"mkdf-st-subtitle\" >\n                MARTINA ALMA            <\/h6>\n        \t\t\t\t\t<h1 class=\"mkdf-st-title\" >\n\t\t\t\tVa\u0161a gostiteljica\t\t\t<\/h1>\n\t\t        <div class=\"mkdf-svg-separator-holder mkdf-svg-separator-small\">\n    <div class=\"mkdf-svg-separator mkdf-svg-frames-class\" data-svg-frames=\"15\" data-svg-drawing=\"yes\" >\n        <svg version=\"1.1\"  id=\"layer_268\" xmlns=\"http:\/\/www.w3.org\/2000\/svg\" xmlns:xlink=\"http:\/\/www.w3.org\/1999\/xlink\" x=\"0px\" y=\"0px\"\n             width=\"65.167px\" height=\"11.917px\" viewBox=\"0 0 65.167 11.917\" enable-background=\"new 0 0 65.167 11.917\" xml:space=\"preserve\">\n            <path fill=\"none\" stroke=\"#010101\" stroke-width=\"1\" stroke-miterlimit=\"3\" d=\"M1.045,9.833 9.295,2.083 17.295,9.833\n            24.295,2.083 32.291,9.833 39.294,2.083 47.294,9.833 54.294,2.083 64.287,9.833 \"\/>\n        <\/svg>\n    <\/div>\n<\/div>\t\t\t<\/div>\n<\/div>[vc_empty_space height=&#8221;12px&#8221;][vc_column_text]<\/p>\n<p>Alma Vista je moj vir inspiracije in neke vrste slikarsko platno, kjer lahko iz\u017eivim svojo kreativnost.\u00a0Naj vam zato tudi bivanje v njej da navdiha, vedrine, miru in ob\u010dutkov, ki jih boste ponesli s sabo na vse konce sveta!<\/p>\n<p>[\/vc_column_text][vc_empty_space][vc_single_image image=&#8221;4800&#8243; img_size=&#8221;200&#215;54&#8243; alignment=&#8221;center&#8221;][vc_empty_space height=&#8221;150px&#8221; el_class=&#8221;hidden-on-mobile&#8221;][vc_empty_space height=&#8221;100px&#8221; el_class=&#8221;hidden-on-desktop&#8221;]\t\t<\/div>\n\t<\/div>\n<\/div><\/div>[\/vc_column][\/vc_row]<\/p>\n<\/div>","protected":false},"excerpt":{"rendered":"<p>[vc_row anchor_button=&#8221;yes&#8221; anchor_button_text=&#8221;POMAKNITE SE NAVZDOL&#8221; css=&#8221;.vc_custom_1668781643241{margin-right: 40px !important;margin-left: 40px !important;}&#8221; parallax_background_image=&#8221;9333&#8243; anchor_button_section=&#8221;property&#8221;][vc_column][\/vc_column][\/vc_row][vc_row row_content_width=&#8221;grid&#8221; anchor=&#8221;property&#8221;][vc_column][vc_empty_space height=&#8221;150px&#8221; el_class=&#8221;hidden-on-mobile&#8221;][vc_empty_space height=&#8221;100px&#8221; el_class=&#8221;hidden-on-desktop&#8221;][vc_empty_space height=&#8221;84px&#8221;][vc_row_inner][vc_column_inner width=&#8221;1\/2&#8243;][vc_column_text] Zajtrk Na po\u010ditnicah ste, zato vas vabimo, da se prepustite vsem \u010dudovitim trenutkom, ki jih ponuja \u017eivljenje. In zakaj ne bi za\u010deli z zajtrkom? Za vas smo izbrali 3 razli\u010dne, [&hellip;]<\/p>\n","protected":false},"author":3,"featured_media":0,"parent":0,"menu_order":0,"comment_status":"closed","ping_status":"closed","template":"full-width.php","meta":{"footnotes":""},"class_list":["post-5143","page","type-page","status-publish","hentry"],"yoast_head":"<!-- This site is optimized with the Yoast SEO plugin v27.0 - https:\/\/yoast.com\/product\/yoast-seo-wordpress\/ -->\n<title>O vili - Alma Vista<\/title>\n<meta name=\"robots\" content=\"index, follow, max-snippet:-1, max-image-preview:large, max-video-preview:-1\" \/>\n<link rel=\"canonical\" href=\"https:\/\/almavista.si\/sl\/o-vili\/\" \/>\n<meta property=\"og:locale\" content=\"sl_SI\" \/>\n<meta property=\"og:type\" content=\"article\" \/>\n<meta property=\"og:title\" content=\"O vili - Alma Vista\" \/>\n<meta property=\"og:description\" content=\"[vc_row anchor_button=&#8221;yes&#8221; anchor_button_text=&#8221;POMAKNITE SE NAVZDOL&#8221; css=&#8221;.vc_custom_1668781643241{margin-right: 40px !important;margin-left: 40px !important;}&#8221; parallax_background_image=&#8221;9333&#8243; anchor_button_section=&#8221;property&#8221;][vc_column][\/vc_column][\/vc_row][vc_row row_content_width=&#8221;grid&#8221; anchor=&#8221;property&#8221;][vc_column][vc_empty_space height=&#8221;150px&#8221; el_class=&#8221;hidden-on-mobile&#8221;][vc_empty_space height=&#8221;100px&#8221; el_class=&#8221;hidden-on-desktop&#8221;][vc_empty_space height=&#8221;84px&#8221;][vc_row_inner][vc_column_inner width=&#8221;1\/2&#8243;][vc_column_text] Zajtrk Na po\u010ditnicah ste, zato vas vabimo, da se prepustite vsem \u010dudovitim trenutkom, ki jih ponuja \u017eivljenje. In zakaj ne bi za\u010deli z zajtrkom? Za vas smo izbrali 3 razli\u010dne, [&hellip;]\" \/>\n<meta property=\"og:url\" content=\"https:\/\/almavista.si\/sl\/o-vili\/\" \/>\n<meta property=\"og:site_name\" content=\"Alma Vista\" \/>\n<meta property=\"article:publisher\" content=\"https:\/\/www.facebook.com\/almavista.si\" \/>\n<meta property=\"article:modified_time\" content=\"2026-03-16T08:50:55+00:00\" \/>\n<meta name=\"twitter:card\" content=\"summary_large_image\" \/>\n<meta name=\"twitter:label1\" content=\"Est. reading time\" \/>\n\t<meta name=\"twitter:data1\" content=\"5 minut\" \/>\n<script type=\"application\/ld+json\" class=\"yoast-schema-graph\">{\"@context\":\"https:\/\/schema.org\",\"@graph\":[{\"@type\":\"WebPage\",\"@id\":\"https:\/\/almavista.si\/sl\/o-vili\/\",\"url\":\"https:\/\/almavista.si\/sl\/o-vili\/\",\"name\":\"O vili - Alma Vista\",\"isPartOf\":{\"@id\":\"https:\/\/almavista.si\/#website\"},\"datePublished\":\"2019-02-19T06:58:54+00:00\",\"dateModified\":\"2026-03-16T08:50:55+00:00\",\"breadcrumb\":{\"@id\":\"https:\/\/almavista.si\/sl\/o-vili\/#breadcrumb\"},\"inLanguage\":\"sl-SI\",\"potentialAction\":[{\"@type\":\"ReadAction\",\"target\":[\"https:\/\/almavista.si\/sl\/o-vili\/\"]}]},{\"@type\":\"BreadcrumbList\",\"@id\":\"https:\/\/almavista.si\/sl\/o-vili\/#breadcrumb\",\"itemListElement\":[{\"@type\":\"ListItem\",\"position\":1,\"name\":\"Home\",\"item\":\"https:\/\/almavista.si\/sl\/alma-vista-vila-in-vino\/\"},{\"@type\":\"ListItem\",\"position\":2,\"name\":\"O vili\"}]},{\"@type\":\"WebSite\",\"@id\":\"https:\/\/almavista.si\/#website\",\"url\":\"https:\/\/almavista.si\/\",\"name\":\"Alma Vista\",\"description\":\"vila in vino\",\"publisher\":{\"@id\":\"https:\/\/almavista.si\/#organization\"},\"potentialAction\":[{\"@type\":\"SearchAction\",\"target\":{\"@type\":\"EntryPoint\",\"urlTemplate\":\"https:\/\/almavista.si\/?s={search_term_string}\"},\"query-input\":{\"@type\":\"PropertyValueSpecification\",\"valueRequired\":true,\"valueName\":\"search_term_string\"}}],\"inLanguage\":\"sl-SI\"},{\"@type\":\"Organization\",\"@id\":\"https:\/\/almavista.si\/#organization\",\"name\":\"Alma Vista\",\"url\":\"https:\/\/almavista.si\/\",\"logo\":{\"@type\":\"ImageObject\",\"inLanguage\":\"sl-SI\",\"@id\":\"https:\/\/almavista.si\/#\/schema\/logo\/image\/\",\"url\":\"https:\/\/almavista.si\/wp-content\/uploads\/2018\/12\/logo_2.png\",\"contentUrl\":\"https:\/\/almavista.si\/wp-content\/uploads\/2018\/12\/logo_2.png\",\"width\":304,\"height\":64,\"caption\":\"Alma Vista\"},\"image\":{\"@id\":\"https:\/\/almavista.si\/#\/schema\/logo\/image\/\"},\"sameAs\":[\"https:\/\/www.facebook.com\/almavista.si\",\"https:\/\/www.instagram.com\/alma_vista\/\"]}]}<\/script>\n<!-- \/ Yoast SEO plugin. -->","yoast_head_json":{"title":"O vili - Alma Vista","robots":{"index":"index","follow":"follow","max-snippet":"max-snippet:-1","max-image-preview":"max-image-preview:large","max-video-preview":"max-video-preview:-1"},"canonical":"https:\/\/almavista.si\/sl\/o-vili\/","og_locale":"sl_SI","og_type":"article","og_title":"O vili - Alma Vista","og_description":"[vc_row anchor_button=&#8221;yes&#8221; anchor_button_text=&#8221;POMAKNITE SE NAVZDOL&#8221; css=&#8221;.vc_custom_1668781643241{margin-right: 40px !important;margin-left: 40px !important;}&#8221; parallax_background_image=&#8221;9333&#8243; anchor_button_section=&#8221;property&#8221;][vc_column][\/vc_column][\/vc_row][vc_row row_content_width=&#8221;grid&#8221; anchor=&#8221;property&#8221;][vc_column][vc_empty_space height=&#8221;150px&#8221; el_class=&#8221;hidden-on-mobile&#8221;][vc_empty_space height=&#8221;100px&#8221; el_class=&#8221;hidden-on-desktop&#8221;][vc_empty_space height=&#8221;84px&#8221;][vc_row_inner][vc_column_inner width=&#8221;1\/2&#8243;][vc_column_text] Zajtrk Na po\u010ditnicah ste, zato vas vabimo, da se prepustite vsem \u010dudovitim trenutkom, ki jih ponuja \u017eivljenje. In zakaj ne bi za\u010deli z zajtrkom? Za vas smo izbrali 3 razli\u010dne, [&hellip;]","og_url":"https:\/\/almavista.si\/sl\/o-vili\/","og_site_name":"Alma Vista","article_publisher":"https:\/\/www.facebook.com\/almavista.si","article_modified_time":"2026-03-16T08:50:55+00:00","twitter_card":"summary_large_image","twitter_misc":{"Est. reading time":"5 minut"},"schema":{"@context":"https:\/\/schema.org","@graph":[{"@type":"WebPage","@id":"https:\/\/almavista.si\/sl\/o-vili\/","url":"https:\/\/almavista.si\/sl\/o-vili\/","name":"O vili - Alma Vista","isPartOf":{"@id":"https:\/\/almavista.si\/#website"},"datePublished":"2019-02-19T06:58:54+00:00","dateModified":"2026-03-16T08:50:55+00:00","breadcrumb":{"@id":"https:\/\/almavista.si\/sl\/o-vili\/#breadcrumb"},"inLanguage":"sl-SI","potentialAction":[{"@type":"ReadAction","target":["https:\/\/almavista.si\/sl\/o-vili\/"]}]},{"@type":"BreadcrumbList","@id":"https:\/\/almavista.si\/sl\/o-vili\/#breadcrumb","itemListElement":[{"@type":"ListItem","position":1,"name":"Home","item":"https:\/\/almavista.si\/sl\/alma-vista-vila-in-vino\/"},{"@type":"ListItem","position":2,"name":"O vili"}]},{"@type":"WebSite","@id":"https:\/\/almavista.si\/#website","url":"https:\/\/almavista.si\/","name":"Alma Vista","description":"vila in vino","publisher":{"@id":"https:\/\/almavista.si\/#organization"},"potentialAction":[{"@type":"SearchAction","target":{"@type":"EntryPoint","urlTemplate":"https:\/\/almavista.si\/?s={search_term_string}"},"query-input":{"@type":"PropertyValueSpecification","valueRequired":true,"valueName":"search_term_string"}}],"inLanguage":"sl-SI"},{"@type":"Organization","@id":"https:\/\/almavista.si\/#organization","name":"Alma Vista","url":"https:\/\/almavista.si\/","logo":{"@type":"ImageObject","inLanguage":"sl-SI","@id":"https:\/\/almavista.si\/#\/schema\/logo\/image\/","url":"https:\/\/almavista.si\/wp-content\/uploads\/2018\/12\/logo_2.png","contentUrl":"https:\/\/almavista.si\/wp-content\/uploads\/2018\/12\/logo_2.png","width":304,"height":64,"caption":"Alma Vista"},"image":{"@id":"https:\/\/almavista.si\/#\/schema\/logo\/image\/"},"sameAs":["https:\/\/www.facebook.com\/almavista.si","https:\/\/www.instagram.com\/alma_vista\/"]}]}},"_links":{"self":[{"href":"https:\/\/almavista.si\/sl\/wp-json\/wp\/v2\/pages\/5143","targetHints":{"allow":["GET"]}}],"collection":[{"href":"https:\/\/almavista.si\/sl\/wp-json\/wp\/v2\/pages"}],"about":[{"href":"https:\/\/almavista.si\/sl\/wp-json\/wp\/v2\/types\/page"}],"author":[{"embeddable":true,"href":"https:\/\/almavista.si\/sl\/wp-json\/wp\/v2\/users\/3"}],"replies":[{"embeddable":true,"href":"https:\/\/almavista.si\/sl\/wp-json\/wp\/v2\/comments?post=5143"}],"version-history":[{"count":89,"href":"https:\/\/almavista.si\/sl\/wp-json\/wp\/v2\/pages\/5143\/revisions"}],"predecessor-version":[{"id":11109,"href":"https:\/\/almavista.si\/sl\/wp-json\/wp\/v2\/pages\/5143\/revisions\/11109"}],"wp:attachment":[{"href":"https:\/\/almavista.si\/sl\/wp-json\/wp\/v2\/media?parent=5143"}],"curies":[{"name":"wp","href":"https:\/\/api.w.org\/{rel}","templated":true}]}}